{"id":4344,"date":"2025-01-08T16:48:14","date_gmt":"2025-01-08T15:48:14","guid":{"rendered":"https:\/\/www.van2go.travel\/?post_type=product&#038;p=4344"},"modified":"2025-06-28T15:16:48","modified_gmt":"2025-06-28T13:16:48","slug":"qeedo-freedom-hybrid-2","status":"publish","type":"product","link":"https:\/\/www.van2go.travel\/pl\/produkt\/qeedo-freedom-hybrid-2\/","title":{"rendered":"Qeedo Freedom Hybrid 2"},"content":{"rendered":"<div class=\"grid grid-cols-12 gap-x-4\">\n<div class=\"MultiColumnContent_column__UG4_r MultiColumnContent_underneath__QqNA0\">\n<div class=\"mx-auto w-fit\">\n<div class=\"CustomPortableText_root__q8Kzk\">\n<div class=\"MultiColumnContent_column__UG4_r MultiColumnContent_underneath__QqNA0\">\n<div class=\"mx-auto w-fit\">\n<div class=\"CustomPortableText_root__q8Kzk\">\n<h3 class=\"CustomPortableText_textXl__f_LJ_\"><span class=\"inline-block w-full text-center\"><span class=\"font-semibold\">Freedom Hybrid, die perfekte Kombination aus Komfort und Flexibilit\u00e4t<\/span><\/span><\/h3>\n<p class=\"\"><span class=\"inline-block w-full text-center\">Das Dachzelt f\u00fcr kleine Fahrzeugd\u00e4cher, die Wert auf Einfachheit legen: platzsparendes Hartschalendachzelt. Robust, faltbar und mit gro\u00dfem Panorama-Ausblick, ist es ideal f\u00fcr Abenteurer, die Komfort und Flexibilit\u00e4t suchen.<\/span><\/p>\n<\/div>\n<\/div>\n<h3 class=\"CustomPortableText_textXl__f_LJ_\"><span class=\"font-semibold\">Einfach &#038; schnell!<\/span><\/h3>\n<p class=\"\">Wir erm\u00f6glichen dir einen unkomplizierten, sicheren und schnellen Aufbau mit wenigen Handgriffen.<\/p>\n<div class=\"MultiColumnContent_column__UG4_r MultiColumnContent_underneath__QqNA0\">\n<div class=\"mx-0 w-auto\">\n<div class=\"CustomPortableText_root__q8Kzk\">\n<h3>Kompakt und platzsparend!<\/h3>\n<p>Dank seiner klappbaren Hartschale hat das Freedom Hybrid ein besonders kleines Packma\u00df. Es passt perfekt auf kleine Fahrzeuge und l\u00e4sst sich zudem praktisch in einer Garage oder im Keller mit wenig Platz lagern.<\/p>\n<h3>Aufbau in Sekunden<\/h3>\n<div>Kein Stress: du bekommst keinen Bausatz, unsere Dachzelte sind zu 100% vormontiert. Bis auf die Dachtr\u00e4ger brauchst du kein weiteres Zubeh\u00f6r. Alles, was du sonst f\u00fcr die Befestigung auf deinem Auto ben\u00f6tigst, liefern wir dir in der Montage-Tasche mit.<\/div>\n<\/div>\n<\/div>\n<\/div>\n<div class=\"MultiColumnContent_column__UG4_r MultiColumnContent_underneath__QqNA0\">\n<div class=\"mx-0 w-auto\">\n<div class=\"CustomPortableText_root__q8Kzk\">\n<p class=\"\">Ebenfalls enthalten: Neue Schuhtasche, eine Leiter, W\u00e4scheleine, bequeme Matratze mit integriertem 3D-Mesh, Trageriemen f\u00fcr komfortablen Transport, eine Montageanleitung und Teleskopst\u00fctzen f\u00fcr einen noch besseren Halt. Die St\u00fctzen einfach unter dem Boden des Dachzelts einspannen und fertig!<\/p>\n<h3>Panorama inklusive!<\/h3>\n<p class=\"\">Genie\u00dfe dank der gro\u00dfen Fensterfl\u00e4chen einen tollen Blick auf jede Landschaft und in den Sternenhimmel &#8211; sogar mit komplett ge\u00f6ffneten Fenstern, wenn du magst. Um das Zelt abzudunkeln, kannst du alle Fensterfl\u00e4chen auch ganz schlie\u00dfen.<\/p>\n<h3>Moskitos? Kein Problem!<\/h3>\n<p>Dank integrierter Fliegengitter an allen Fensterfl\u00e4chen im Freedom Hybrid bist du vor l\u00e4stigen Moskitos gesch\u00fctzt. Alle Fenster lassen sich problemlos verschlie\u00dfen.<\/p>\n<h3>Wetterfest und gut bel\u00fcftet<\/h3>\n<p>Das Freedom Hybrid verf\u00fcgt \u00fcber eine doppelwandige Konstruktion mit einem robusten, beschichteten Innenzelt aus Baumwollmischgewebe. Zusammen mit dem Au\u00dfenzelt sorgt es f\u00fcr optimale Bel\u00fcftung und zuverl\u00e4ssigen Wetterschutz.<\/p>\n<h3>Abgedunkeltes Polycotton und dicke Matratze<\/h3>\n<p class=\"\">Das Innenzelt besteht aus einem blickdichtem 210D Polycotton Ripstop Polyester. Der stabile abgedunkelte Stoff und die 7 cm starke Matratze garantieren einen langen und komfortablen Schlaf.<\/p>\n<\/div>\n<\/div>\n<\/div>\n<\/div>\n<\/div>\n<div class=\"CustomPortableText_root__q8Kzk\">\n<div class=\"MultiColumnContent_column__UG4_r MultiColumnContent_underneath__QqNA0\">\n<div class=\"mx-auto w-fit\">\n<div class=\"CustomPortableText_root__q8Kzk\">\n<h3>Die technischen Details<\/h3>\n<p>L\u00e4nge Liegefl\u00e4che: 210 cm<br \/>\nBreite Liegefl\u00e4che: 125 cm<br \/>\nH\u00f6he Innen: 80 cm<\/p>\n<h3>Spezifikationen<\/h3>\n<p>Personen: 2<br \/>\nSchlafkabinen: 1<br \/>\nEing\u00e4nge: 1<br \/>\nWassers\u00e4ule (Au\u00dfenzelt): 3000 mm<\/p>\n<h3>Material<\/h3>\n<p>Gest\u00e4nge: Aluminium<br \/>\nAu\u00dfenzelt: Polyester<br \/>\nInnenzelt: TC (Baumwolle+Polyester)<br \/>\nBoden: Polyester<br \/>\nMaterialst\u00e4rke: 210D<\/p>\n<h3>Packma\u00df<\/h3>\n<p>L\u00e4nge: 145 cm<br \/>\nBreite: 106 cm<br \/>\nH\u00f6he: 29 cm<br \/>\nGewicht (ohne Leiter): 57 kg<br \/>\nGewicht Leiter: 6 kg<\/p>\n<\/div>\n<\/div>\n<\/div>\n<\/div>\n<\/div>\n<\/div>\n<\/div>\n","protected":false},"excerpt":{"rendered":"<p>Klappbares Dachzelt mit Hartschale<\/p>\n","protected":false},"featured_media":4349,"comment_status":"open","ping_status":"closed","template":"","meta":[],"product_brand":[],"product_cat":[256],"product_tag":[273,271,274,272,270],"class_list":{"0":"post-4344","1":"product","2":"type-product","3":"status-publish","4":"has-post-thumbnail","6":"product_cat-dachzelt","7":"product_tag-dachzelt","8":"product_tag-freedom","9":"product_tag-hartschale","10":"product_tag-hybrid","11":"product_tag-qeedo","12":"product_shipping_class-versand-dachzelt","14":"first","15":"instock","16":"taxable","17":"shipping-taxable","18":"purchasable","19":"product-type-simple"},"yoast_head":"<!-- This site is optimized with the Yoast SEO plugin v26.6 - https:\/\/yoast.com\/wordpress\/plugins\/seo\/ -->\n<title>Qeedo Freedom Hybrid 2<\/title>\n<meta name=\"description\" content=\"Das Beste aus zwei Welten! Aufklappbares Hartschalen-Dachzelt. Zusammengeklappt kompakt, aufgefaltet mit bequemer Liegefl\u00e4che.\" \/>\n<meta name=\"robots\" content=\"index, follow, max-snippet:-1, max-image-preview:large, max-video-preview:-1\" \/>\n<link rel=\"canonical\" href=\"https:\/\/www.van2go.travel\/pl\/produkt\/qeedo-freedom-hybrid-2\/\" \/>\n<meta property=\"og:locale\" content=\"pl_PL\" \/>\n<meta property=\"og:locale:alternate\" content=\"de_DE\" \/>\n<meta property=\"og:type\" content=\"article\" \/>\n<meta property=\"og:title\" content=\"Qeedo Freedom Hybrid 2\" \/>\n<meta property=\"og:description\" content=\"Das Beste aus zwei Welten! Aufklappbares Hartschalen-Dachzelt. Zusammengeklappt kompakt, aufgefaltet mit bequemer Liegefl\u00e4che.\" \/>\n<meta property=\"og:url\" content=\"https:\/\/www.van2go.travel\/pl\/produkt\/qeedo-freedom-hybrid-2\/\" \/>\n<meta property=\"og:site_name\" content=\"Van2Go\" \/>\n<meta property=\"article:publisher\" content=\"https:\/\/www.facebook.com\/van2go.travel\" \/>\n<meta property=\"article:modified_time\" content=\"2025-06-28T13:16:48+00:00\" \/>\n<meta property=\"og:image\" content=\"https:\/\/www.van2go.travel\/wp-content\/uploads\/2025\/01\/Z3970_1.jpg\" \/>\n\t<meta property=\"og:image:width\" content=\"1280\" \/>\n\t<meta property=\"og:image:height\" content=\"1280\" \/>\n\t<meta property=\"og:image:type\" content=\"image\/jpeg\" \/>\n<meta name=\"twitter:card\" content=\"summary_large_image\" \/>\n<meta name=\"twitter:label1\" content=\"Szacowany czas czytania\" \/>\n\t<meta name=\"twitter:data1\" content=\"3 minuty\" \/>\n<script type=\"application\/ld+json\" class=\"yoast-schema-graph\">{\"@context\":\"https:\/\/schema.org\",\"@graph\":[{\"@type\":\"WebPage\",\"@id\":\"https:\/\/www.van2go.travel\/produkt\/qeedo-freedom-hybrid-2\/\",\"url\":\"https:\/\/www.van2go.travel\/produkt\/qeedo-freedom-hybrid-2\/\",\"name\":\"Qeedo Freedom Hybrid 2\",\"isPartOf\":{\"@id\":\"https:\/\/www.van2go.travel\/#website\"},\"primaryImageOfPage\":{\"@id\":\"https:\/\/www.van2go.travel\/produkt\/qeedo-freedom-hybrid-2\/#primaryimage\"},\"image\":{\"@id\":\"https:\/\/www.van2go.travel\/produkt\/qeedo-freedom-hybrid-2\/#primaryimage\"},\"thumbnailUrl\":\"https:\/\/www.van2go.travel\/wp-content\/uploads\/2025\/01\/Z3970_1.jpg\",\"datePublished\":\"2025-01-08T15:48:14+00:00\",\"dateModified\":\"2025-06-28T13:16:48+00:00\",\"description\":\"Das Beste aus zwei Welten! Aufklappbares Hartschalen-Dachzelt. Zusammengeklappt kompakt, aufgefaltet mit bequemer Liegefl\u00e4che.\",\"breadcrumb\":{\"@id\":\"https:\/\/www.van2go.travel\/produkt\/qeedo-freedom-hybrid-2\/#breadcrumb\"},\"inLanguage\":\"pl-PL\",\"potentialAction\":[{\"@type\":\"ReadAction\",\"target\":[\"https:\/\/www.van2go.travel\/produkt\/qeedo-freedom-hybrid-2\/\"]}]},{\"@type\":\"ImageObject\",\"inLanguage\":\"pl-PL\",\"@id\":\"https:\/\/www.van2go.travel\/produkt\/qeedo-freedom-hybrid-2\/#primaryimage\",\"url\":\"https:\/\/www.van2go.travel\/wp-content\/uploads\/2025\/01\/Z3970_1.jpg\",\"contentUrl\":\"https:\/\/www.van2go.travel\/wp-content\/uploads\/2025\/01\/Z3970_1.jpg\",\"width\":1280,\"height\":1280,\"caption\":\"qeedo Freedom Hybrid 2 Dachzelt\"},{\"@type\":\"BreadcrumbList\",\"@id\":\"https:\/\/www.van2go.travel\/produkt\/qeedo-freedom-hybrid-2\/#breadcrumb\",\"itemListElement\":[{\"@type\":\"ListItem\",\"position\":1,\"name\":\"Startseite\",\"item\":\"https:\/\/www.van2go.travel\/\"},{\"@type\":\"ListItem\",\"position\":2,\"name\":\"Shop\",\"item\":\"https:\/\/www.van2go.travel\/shop\/\"},{\"@type\":\"ListItem\",\"position\":3,\"name\":\"Qeedo Freedom Hybrid 2\"}]},{\"@type\":\"WebSite\",\"@id\":\"https:\/\/www.van2go.travel\/#website\",\"url\":\"https:\/\/www.van2go.travel\/\",\"name\":\"Van2Go\",\"description\":\"Camper Vans und Wohnmobile mieten in Singen am Bodensee\",\"publisher\":{\"@id\":\"https:\/\/www.van2go.travel\/#organization\"},\"potentialAction\":[{\"@type\":\"SearchAction\",\"target\":{\"@type\":\"EntryPoint\",\"urlTemplate\":\"https:\/\/www.van2go.travel\/?s={search_term_string}\"},\"query-input\":{\"@type\":\"PropertyValueSpecification\",\"valueRequired\":true,\"valueName\":\"search_term_string\"}}],\"inLanguage\":\"pl-PL\"},{\"@type\":\"Organization\",\"@id\":\"https:\/\/www.van2go.travel\/#organization\",\"name\":\"Van2Go\",\"url\":\"https:\/\/www.van2go.travel\/\",\"logo\":{\"@type\":\"ImageObject\",\"inLanguage\":\"pl-PL\",\"@id\":\"https:\/\/www.van2go.travel\/#\/schema\/logo\/image\/\",\"url\":\"https:\/\/www.van2go.travel\/wp-content\/uploads\/2021\/12\/Van2Go-Original-Logo_Schrift-rechts-gross.png\",\"contentUrl\":\"https:\/\/www.van2go.travel\/wp-content\/uploads\/2021\/12\/Van2Go-Original-Logo_Schrift-rechts-gross.png\",\"width\":2825,\"height\":1008,\"caption\":\"Van2Go\"},\"image\":{\"@id\":\"https:\/\/www.van2go.travel\/#\/schema\/logo\/image\/\"},\"sameAs\":[\"https:\/\/www.facebook.com\/van2go.travel\"]}]}<\/script>\n<!-- \/ Yoast SEO plugin. -->","yoast_head_json":{"title":"Qeedo Freedom Hybrid 2","description":"Das Beste aus zwei Welten! Aufklappbares Hartschalen-Dachzelt. Zusammengeklappt kompakt, aufgefaltet mit bequemer Liegefl\u00e4che.","robots":{"index":"index","follow":"follow","max-snippet":"max-snippet:-1","max-image-preview":"max-image-preview:large","max-video-preview":"max-video-preview:-1"},"canonical":"https:\/\/www.van2go.travel\/pl\/produkt\/qeedo-freedom-hybrid-2\/","og_locale":"pl_PL","og_type":"article","og_title":"[:de]Qeedo Freedom Hybrid 2[:] - Van2Go","og_description":"[:de]Das Beste aus zwei Welten! Aufklappbares Hartschalen-Dachzelt. Zusammengeklappt kompakt, aufgefaltet mit bequemer Liegefl\u00e4che.[:]","og_url":"https:\/\/www.van2go.travel\/pl\/produkt\/qeedo-freedom-hybrid-2\/","og_site_name":"Van2Go","article_publisher":"https:\/\/www.facebook.com\/van2go.travel","article_modified_time":"2025-06-28T13:16:48+00:00","og_image":[{"width":1280,"height":1280,"url":"https:\/\/www.van2go.travel\/wp-content\/uploads\/2025\/01\/Z3970_1.jpg","type":"image\/jpeg"}],"twitter_card":"summary_large_image","twitter_misc":{"Szacowany czas czytania":"3 minuty"},"schema":{"@context":"https:\/\/schema.org","@graph":[{"@type":"WebPage","@id":"https:\/\/www.van2go.travel\/produkt\/qeedo-freedom-hybrid-2\/","url":"https:\/\/www.van2go.travel\/produkt\/qeedo-freedom-hybrid-2\/","name":"Qeedo Freedom Hybrid 2","isPartOf":{"@id":"https:\/\/www.van2go.travel\/#website"},"primaryImageOfPage":{"@id":"https:\/\/www.van2go.travel\/produkt\/qeedo-freedom-hybrid-2\/#primaryimage"},"image":{"@id":"https:\/\/www.van2go.travel\/produkt\/qeedo-freedom-hybrid-2\/#primaryimage"},"thumbnailUrl":"https:\/\/www.van2go.travel\/wp-content\/uploads\/2025\/01\/Z3970_1.jpg","datePublished":"2025-01-08T15:48:14+00:00","dateModified":"2025-06-28T13:16:48+00:00","description":"Das Beste aus zwei Welten! Aufklappbares Hartschalen-Dachzelt. Zusammengeklappt kompakt, aufgefaltet mit bequemer Liegefl\u00e4che.","breadcrumb":{"@id":"https:\/\/www.van2go.travel\/produkt\/qeedo-freedom-hybrid-2\/#breadcrumb"},"inLanguage":"pl-PL","potentialAction":[{"@type":"ReadAction","target":["https:\/\/www.van2go.travel\/produkt\/qeedo-freedom-hybrid-2\/"]}]},{"@type":"ImageObject","inLanguage":"pl-PL","@id":"https:\/\/www.van2go.travel\/produkt\/qeedo-freedom-hybrid-2\/#primaryimage","url":"https:\/\/www.van2go.travel\/wp-content\/uploads\/2025\/01\/Z3970_1.jpg","contentUrl":"https:\/\/www.van2go.travel\/wp-content\/uploads\/2025\/01\/Z3970_1.jpg","width":1280,"height":1280,"caption":"qeedo Freedom Hybrid 2 Dachzelt"},{"@type":"BreadcrumbList","@id":"https:\/\/www.van2go.travel\/produkt\/qeedo-freedom-hybrid-2\/#breadcrumb","itemListElement":[{"@type":"ListItem","position":1,"name":"Startseite","item":"https:\/\/www.van2go.travel\/"},{"@type":"ListItem","position":2,"name":"Shop","item":"https:\/\/www.van2go.travel\/shop\/"},{"@type":"ListItem","position":3,"name":"Qeedo Freedom Hybrid 2"}]},{"@type":"WebSite","@id":"https:\/\/www.van2go.travel\/#website","url":"https:\/\/www.van2go.travel\/","name":"Van2Go","description":"Camper Vans und Wohnmobile mieten in Singen am Bodensee","publisher":{"@id":"https:\/\/www.van2go.travel\/#organization"},"potentialAction":[{"@type":"SearchAction","target":{"@type":"EntryPoint","urlTemplate":"https:\/\/www.van2go.travel\/?s={search_term_string}"},"query-input":{"@type":"PropertyValueSpecification","valueRequired":true,"valueName":"search_term_string"}}],"inLanguage":"pl-PL"},{"@type":"Organization","@id":"https:\/\/www.van2go.travel\/#organization","name":"Van2Go","url":"https:\/\/www.van2go.travel\/","logo":{"@type":"ImageObject","inLanguage":"pl-PL","@id":"https:\/\/www.van2go.travel\/#\/schema\/logo\/image\/","url":"https:\/\/www.van2go.travel\/wp-content\/uploads\/2021\/12\/Van2Go-Original-Logo_Schrift-rechts-gross.png","contentUrl":"https:\/\/www.van2go.travel\/wp-content\/uploads\/2021\/12\/Van2Go-Original-Logo_Schrift-rechts-gross.png","width":2825,"height":1008,"caption":"Van2Go"},"image":{"@id":"https:\/\/www.van2go.travel\/#\/schema\/logo\/image\/"},"sameAs":["https:\/\/www.facebook.com\/van2go.travel"]}]}},"_links":{"self":[{"href":"https:\/\/www.van2go.travel\/pl\/wp-json\/wp\/v2\/product\/4344","targetHints":{"allow":["GET"]}}],"collection":[{"href":"https:\/\/www.van2go.travel\/pl\/wp-json\/wp\/v2\/product"}],"about":[{"href":"https:\/\/www.van2go.travel\/pl\/wp-json\/wp\/v2\/types\/product"}],"replies":[{"embeddable":true,"href":"https:\/\/www.van2go.travel\/pl\/wp-json\/wp\/v2\/comments?post=4344"}],"wp:featuredmedia":[{"embeddable":true,"href":"https:\/\/www.van2go.travel\/pl\/wp-json\/wp\/v2\/media\/4349"}],"wp:attachment":[{"href":"https:\/\/www.van2go.travel\/pl\/wp-json\/wp\/v2\/media?parent=4344"}],"wp:term":[{"taxonomy":"product_brand","embeddable":true,"href":"https:\/\/www.van2go.travel\/pl\/wp-json\/wp\/v2\/product_brand?post=4344"},{"taxonomy":"product_cat","embeddable":true,"href":"https:\/\/www.van2go.travel\/pl\/wp-json\/wp\/v2\/product_cat?post=4344"},{"taxonomy":"product_tag","embeddable":true,"href":"https:\/\/www.van2go.travel\/pl\/wp-json\/wp\/v2\/product_tag?post=4344"}],"curies":[{"name":"wp","href":"https:\/\/api.w.org\/{rel}","templated":true}]}}