{"id":3750,"date":"2024-01-28T17:12:30","date_gmt":"2024-01-28T16:12:30","guid":{"rendered":"https:\/\/www.van2go.travel\/?post_type=product&#038;p=3750"},"modified":"2025-08-01T14:21:22","modified_gmt":"2025-08-01T12:21:22","slug":"qeedo-freedom-compact-1","status":"publish","type":"product","link":"https:\/\/www.van2go.travel\/pl\/produkt\/qeedo-freedom-compact-1\/","title":{"rendered":"Qeedo Freedom Compact 1+"},"content":{"rendered":"<h3><span class=\"inline-block w-full text-center\">Leicht, praktisch, compact.<\/span><\/h3>\n<p class=\"\"><span class=\"inline-block w-full text-center\">Jetzt in zwei Gr\u00f6\u00dfen erh\u00e4ltlich: Das Freedom Compact \u2013 unser kompaktestes Dachzelt. Es eignet sich perfekt f\u00fcr Besitzer kleiner Fahrzeuge, ist leicht, faltbar und auch der Rundumblick ist inklusive.<\/span><\/p>\n<div class=\"mx-0 w-auto\">\n<div class=\"CustomPortableText_root__q8Kzk\">\n<h3><span class=\"font-semibold\">Einfach &#038; schnell!<\/span><\/h3>\n<p class=\"\">qeedo steht f\u00fcr einen unkomplizierten Aufbau. Mit wenigen Handgriffen steht unser kompaktestes Dachzelt bereit f\u00fcr dein n\u00e4chstes Abenteuer: Leiter ausziehen, Zelt aufklappen, Leiter und Vordach fixieren \u2013 fertig.<\/p>\n<\/div>\n<\/div>\n<div class=\"grid grid-cols-12 gap-x-4\">\n<div class=\"MultiColumnContent_column__UG4_r MultiColumnContent_underneath__QqNA0\">\n<div class=\"\">\n<div class=\"CustomPortableText_root__q8Kzk\">\n<h3><span class=\"font-semibold\">All-in-One<\/span><\/h3>\n<\/div>\n<\/div>\n<\/div>\n<div class=\"MultiColumnContent_column__UG4_r MultiColumnContent_underneath__QqNA0\">\n<div class=\"mx-auto w-fit\">\n<div class=\"CustomPortableText_root__q8Kzk\">\n<p class=\"\">0% Stress: qeedo liefert dir keinen Bausatz, unsere Dachzelte sind zu 100% vormontiert. Bis auf die Dachtr\u00e4ger brauchst du kein weiteres Zubeh\u00f6r. Alles, was sonst f\u00fcr die Montage auf deinem Auto notwendig ist, liefern wir dir im Montage-Set mit.<\/p>\n<p class=\"\">Auch dabei: Eine Aluminium Teleskopleiter, eine Schuhtasche, eine Matratze und die Montageanleitung.<\/p>\n<div class=\"mx-0 w-auto\">\n<div class=\"CustomPortableText_root__q8Kzk\">\n<h3>Das Compact in zwei Gr\u00f6\u00dfen<\/h3>\n<p class=\"\">F\u00fcr Alleinreisende, die trotzdem den Komfort eines Dachzelts genie\u00dfen wollen, ist jetzt das Freedom Compact 1+ erh\u00e4ltlich. Auf der 110 cm breiten Liegefl\u00e4che ist gen\u00fcgend Platz f\u00fcr dich und dein Gep\u00e4ck &#8211; oder notfalls auch eine zweite Person.<\/p>\n<p class=\"\">Das Freedom Compact 3 ist der gro\u00dfe Bruder und \u00fcberzeugt mit einer komfortablen Liegebreite von 160 cm &#8211; ideal f\u00fcr 2-3 Personen.<\/p>\n<\/div>\n<\/div>\n<div>\n<div class=\"left-1\/2 right-1\/2 ml-[-50vw] mr-[-50vw] relative w-screen\">\n<div class=\"scrollmagic-pin-spacer\" data-scrollmagic-pin-spacer=\"\">\n<div class=\"relative h-screen overflow-hidden bg-gray-200\">\n<div class=\"absolute h-full w-full\">\n<div class=\"CloudinaryVideo relative absolute h-full w-full\">\n<div class=\"Video_root__TqdHl Video_resize__N3Q5s absolute h-full w-full object-cover\">\n<h3 class=\"Video_shield__s3z9L\">Kompakter geht&#8217;s nicht!<\/h3>\n<\/div>\n<\/div>\n<\/div>\n<div class=\"absolute flex h-full w-full items-center justify-center\">\n<div class=\"FullHeightParallax_textContainer__L35QW\">\n<div class=\"flex justify-start\">\n<div class=\"text-left md:w-2\/3 lg:w-1\/2\">\n<div class=\"CustomPortableText_root__q8Kzk\">\n<p class=\"\">Mit einem besonders kleinen Packma\u00df passt das Freedom Compact nicht nur super auf ein kleines Auto, es l\u00e4sst sich auch praktisch in einer Garage oder einem Keller mit wenig Platz lagern.<\/p>\n<h3><span class=\"font-semibold\">Panorama inklusive!<\/span><\/h3>\n<p class=\"\">Genie\u00dfe dank der gro\u00dfen Fensterfl\u00e4che einen tollen Blick auf jede Landschaft und in den Sternenhimmel &#8211; sogar mit komplett ge\u00f6ffneten Fenstern, wenn du magst. Um das Zelt abzudunkeln, kannst du alle Fensterfl\u00e4chen auch ganz schlie\u00dfen.<\/p>\n<h3><span class=\"font-semibold\">Moskitos? Nein danke!<\/span><\/h3>\n<p class=\"\">Wegen Moskitos brauchst du dir keine Sorgen machen. Du kannst alle Fenster mit integrierten Fliegengittern problemlos verschlie\u00dfen.<\/p>\n<h3>Doppelwandige Konstruktion.<\/h3>\n<p class=\"\">Das beschichtete Innenzelt aus einem robusten Baumwollmischgewebe sorgt in Kombination mit dem Au\u00dfenzelt f\u00fcr eine gute Bel\u00fcftung und einen perfekten Wetterschutz.<\/p>\n<h3>Komfortabel schlafen<\/h3>\n<p class=\"\">Bei der mitgelieferten Matratze haben wir besonders auf Komfort und Funktionalit\u00e4t geachtet. Die Matratze ist nicht nur bequem, sondern hat auch ein bereits integriertes 3D-Mesh, welches f\u00fcr eine optimale Unterl\u00fcftung der Matratze sorgt. Damit wird Feuchtigkeit und Staun\u00e4sse unter der Matratze reduziert und potenzielle Schimmelgefahr verhindert.<\/p>\n<h3>Dual Matratze<\/h3>\n<p class=\"\">Eine komfortable Matratze mit integriertem 3D-Mesh bietet optimale Unterl\u00fcftung und reduziert Feuchtigkeit. Der abnehmbare Matratzenbezug mit umlaufendem Rei\u00dfverschluss ist waschbar und geh\u00f6ren zu den besonderen Merkmalen der neuen qeedo Freedom Dachzelte.<\/p>\n<h3>Abgedunkeltes Polycotton<\/h3>\n<p class=\"\">Das Innenzelt besteht aus einem blickdichtem 210D Polycotton Ripstop Polyester. Ein stabiler, abgedunkelter Stoff, der einen langen Schlaf garantiert.<\/p>\n<h3><span class=\"font-semibold\">Die Leiter(n) ins Abenteuer.<\/span><\/h3>\n<p class=\"\">Wenn du ein Dachzelt bestellst, bekommst du unsere Standard-Leiter mitgeliefert &#8211; in den meisten F\u00e4llen sollte diese dir reichen. Besitzt du ein besonders hohes Auto, kannst du dir unsere XL-Leiter dazu kaufen.<\/p>\n<h3>Die technischen Details<\/h3>\n<p>L\u00e4nge: 218cm<br \/>\nBreite: 117cm<br \/>\nH\u00f6he: 117cm<\/p>\n<h3>Spezifikationen<\/h3>\n<p>Personen: 1-2<br \/>\nAufbausystem: Softcover<br \/>\nSchlafkabinen: 1<br \/>\nEing\u00e4nge: 1<br \/>\nWassers\u00e4ule (Au\u00dfenzelt): 3000mm<\/p>\n<h3>Material<\/h3>\n<p>Gest\u00e4nge: Aluminium<br \/>\nAu\u00dfenzelt: Polyester<br \/>\nInnenzelt: TC (Baumwolle+Polyester)<br \/>\nBoden: Polyester<br \/>\nMaterialst\u00e4rke: 210D<\/p>\n<h3>Packma\u00df<\/h3>\n<p>L\u00e4nge: 117cm<br \/>\nBreite: 110cm<br \/>\nH\u00f6he: 33cm<br \/>\nGewicht: inkl. Leiter 50000g<\/p>\n<\/div>\n<\/div>\n<\/div>\n<\/div>\n<\/div>\n<\/div>\n<\/div>\n<\/div>\n<\/div>\n<\/div>\n<\/div>\n<\/div>\n<\/div>\n","protected":false},"excerpt":{"rendered":"<p>Extrem kompaktes Soft-Top Dachzelt<\/p>\n","protected":false},"featured_media":3760,"comment_status":"open","ping_status":"closed","template":"","meta":[],"product_brand":[],"product_cat":[256],"product_tag":[],"class_list":{"0":"post-3750","1":"product","2":"type-product","3":"status-publish","4":"has-post-thumbnail","6":"product_cat-dachzelt","7":"product_shipping_class-versand-dachzelt","9":"first","10":"instock","11":"sale","12":"taxable","13":"shipping-taxable","14":"purchasable","15":"product-type-simple"},"yoast_head":"<!-- This site is optimized with the Yoast SEO plugin v26.6 - https:\/\/yoast.com\/wordpress\/plugins\/seo\/ -->\n<title>Qeedo Freedom Compact 1+<\/title>\n<meta name=\"description\" content=\"Das Freedom Compact \u2013 unser kompaktestes Dachzelt. Es eignet sich perfekt f\u00fcr kleine Fahrzeuge, ist leicht, faltbar und auch der Rundumblick ist inklusive.\" \/>\n<meta name=\"robots\" content=\"index, follow, max-snippet:-1, max-image-preview:large, max-video-preview:-1\" \/>\n<link rel=\"canonical\" href=\"https:\/\/www.van2go.travel\/pl\/produkt\/qeedo-freedom-compact-1\/\" \/>\n<meta property=\"og:locale\" content=\"pl_PL\" \/>\n<meta property=\"og:locale:alternate\" content=\"de_DE\" \/>\n<meta property=\"og:type\" content=\"article\" \/>\n<meta property=\"og:title\" content=\"Qeedo Freedom Compact 1+\" \/>\n<meta property=\"og:description\" content=\"Das Freedom Compact \u2013 unser kompaktestes Dachzelt. Es eignet sich perfekt f\u00fcr kleine Fahrzeuge, ist leicht, faltbar und auch der Rundumblick ist inklusive.\" \/>\n<meta property=\"og:url\" content=\"https:\/\/www.van2go.travel\/pl\/produkt\/qeedo-freedom-compact-1\/\" \/>\n<meta property=\"og:site_name\" content=\"Van2Go - Das Microcamping Center in Singen am Bodensee\" \/>\n<meta property=\"article:publisher\" content=\"https:\/\/www.facebook.com\/van2go.travel\" \/>\n<meta property=\"article:modified_time\" content=\"2025-08-01T12:21:22+00:00\" \/>\n<meta property=\"og:image\" content=\"https:\/\/www.van2go.travel\/wp-content\/uploads\/2024\/01\/Z3745_6.jpg\" \/>\n\t<meta property=\"og:image:width\" content=\"1600\" \/>\n\t<meta property=\"og:image:height\" content=\"1600\" \/>\n\t<meta property=\"og:image:type\" content=\"image\/jpeg\" \/>\n<meta name=\"twitter:card\" content=\"summary_large_image\" \/>\n<meta name=\"twitter:label1\" content=\"Szacowany czas czytania\" \/>\n\t<meta name=\"twitter:data1\" content=\"3 minuty\" \/>\n<script type=\"application\/ld+json\" class=\"yoast-schema-graph\">{\"@context\":\"https:\/\/schema.org\",\"@graph\":[{\"@type\":\"WebPage\",\"@id\":\"https:\/\/www.van2go.travel\/produkt\/qeedo-freedom-compact-1\/\",\"url\":\"https:\/\/www.van2go.travel\/produkt\/qeedo-freedom-compact-1\/\",\"name\":\"Qeedo Freedom Compact 1+\",\"isPartOf\":{\"@id\":\"https:\/\/www.van2go.travel\/#website\"},\"primaryImageOfPage\":{\"@id\":\"https:\/\/www.van2go.travel\/produkt\/qeedo-freedom-compact-1\/#primaryimage\"},\"image\":{\"@id\":\"https:\/\/www.van2go.travel\/produkt\/qeedo-freedom-compact-1\/#primaryimage\"},\"thumbnailUrl\":\"https:\/\/www.van2go.travel\/wp-content\/uploads\/2024\/01\/Z3745_6.jpg\",\"datePublished\":\"2024-01-28T16:12:30+00:00\",\"dateModified\":\"2025-08-01T12:21:22+00:00\",\"description\":\"Das Freedom Compact \u2013 unser kompaktestes Dachzelt. Es eignet sich perfekt f\u00fcr kleine Fahrzeuge, ist leicht, faltbar und auch der Rundumblick ist inklusive.\",\"breadcrumb\":{\"@id\":\"https:\/\/www.van2go.travel\/produkt\/qeedo-freedom-compact-1\/#breadcrumb\"},\"inLanguage\":\"pl-PL\",\"potentialAction\":[{\"@type\":\"ReadAction\",\"target\":[\"https:\/\/www.van2go.travel\/produkt\/qeedo-freedom-compact-1\/\"]}]},{\"@type\":\"ImageObject\",\"inLanguage\":\"pl-PL\",\"@id\":\"https:\/\/www.van2go.travel\/produkt\/qeedo-freedom-compact-1\/#primaryimage\",\"url\":\"https:\/\/www.van2go.travel\/wp-content\/uploads\/2024\/01\/Z3745_6.jpg\",\"contentUrl\":\"https:\/\/www.van2go.travel\/wp-content\/uploads\/2024\/01\/Z3745_6.jpg\",\"width\":1600,\"height\":1600},{\"@type\":\"BreadcrumbList\",\"@id\":\"https:\/\/www.van2go.travel\/produkt\/qeedo-freedom-compact-1\/#breadcrumb\",\"itemListElement\":[{\"@type\":\"ListItem\",\"position\":1,\"name\":\"Startseite\",\"item\":\"https:\/\/www.van2go.travel\/\"},{\"@type\":\"ListItem\",\"position\":2,\"name\":\"Shop\",\"item\":\"https:\/\/www.van2go.travel\/shop\/\"},{\"@type\":\"ListItem\",\"position\":3,\"name\":\"Qeedo Freedom Compact 1+\"}]},{\"@type\":\"WebSite\",\"@id\":\"https:\/\/www.van2go.travel\/#website\",\"url\":\"https:\/\/www.van2go.travel\/\",\"name\":\"Van2Go - Das Microcamping Center in Singen am Bodensee\",\"description\":\"Autorisierter H\u00e4ndler des Travelers von squiq, der Nestbox von Ego\u00e9, qeedo Dachzelten, E-Bikes von VanMoof und der Aufbaubatterie Saftkiste. Wir haben die L\u00f6sung, um dein Auto in einen Camper zu verwandeln.\",\"publisher\":{\"@id\":\"https:\/\/www.van2go.travel\/#organization\"},\"potentialAction\":[{\"@type\":\"SearchAction\",\"target\":{\"@type\":\"EntryPoint\",\"urlTemplate\":\"https:\/\/www.van2go.travel\/?s={search_term_string}\"},\"query-input\":{\"@type\":\"PropertyValueSpecification\",\"valueRequired\":true,\"valueName\":\"search_term_string\"}}],\"inLanguage\":\"pl-PL\"},{\"@type\":\"Organization\",\"@id\":\"https:\/\/www.van2go.travel\/#organization\",\"name\":\"Van2Go\",\"url\":\"https:\/\/www.van2go.travel\/\",\"logo\":{\"@type\":\"ImageObject\",\"inLanguage\":\"pl-PL\",\"@id\":\"https:\/\/www.van2go.travel\/#\/schema\/logo\/image\/\",\"url\":\"https:\/\/www.van2go.travel\/wp-content\/uploads\/2021\/12\/Van2Go-Original-Logo_Schrift-rechts-gross.png\",\"contentUrl\":\"https:\/\/www.van2go.travel\/wp-content\/uploads\/2021\/12\/Van2Go-Original-Logo_Schrift-rechts-gross.png\",\"width\":2825,\"height\":1008,\"caption\":\"Van2Go\"},\"image\":{\"@id\":\"https:\/\/www.van2go.travel\/#\/schema\/logo\/image\/\"},\"sameAs\":[\"https:\/\/www.facebook.com\/van2go.travel\"]}]}<\/script>\n<!-- \/ Yoast SEO plugin. -->","yoast_head_json":{"title":"Qeedo Freedom Compact 1+","description":"Das Freedom Compact \u2013 unser kompaktestes Dachzelt. Es eignet sich perfekt f\u00fcr kleine Fahrzeuge, ist leicht, faltbar und auch der Rundumblick ist inklusive.","robots":{"index":"index","follow":"follow","max-snippet":"max-snippet:-1","max-image-preview":"max-image-preview:large","max-video-preview":"max-video-preview:-1"},"canonical":"https:\/\/www.van2go.travel\/pl\/produkt\/qeedo-freedom-compact-1\/","og_locale":"pl_PL","og_type":"article","og_title":"[:de]Qeedo Freedom Compact 1+[:] - Van2Go - Das Microcamping Center in Singen am Bodensee","og_description":"[:de]Das Freedom Compact \u2013 unser kompaktestes Dachzelt. Es eignet sich perfekt f\u00fcr kleine Fahrzeuge, ist leicht, faltbar und auch der Rundumblick ist inklusive.[:]","og_url":"https:\/\/www.van2go.travel\/pl\/produkt\/qeedo-freedom-compact-1\/","og_site_name":"Van2Go - Das Microcamping Center in Singen am Bodensee","article_publisher":"https:\/\/www.facebook.com\/van2go.travel","article_modified_time":"2025-08-01T12:21:22+00:00","og_image":[{"width":1600,"height":1600,"url":"https:\/\/www.van2go.travel\/wp-content\/uploads\/2024\/01\/Z3745_6.jpg","type":"image\/jpeg"}],"twitter_card":"summary_large_image","twitter_misc":{"Szacowany czas czytania":"3 minuty"},"schema":{"@context":"https:\/\/schema.org","@graph":[{"@type":"WebPage","@id":"https:\/\/www.van2go.travel\/produkt\/qeedo-freedom-compact-1\/","url":"https:\/\/www.van2go.travel\/produkt\/qeedo-freedom-compact-1\/","name":"Qeedo Freedom Compact 1+","isPartOf":{"@id":"https:\/\/www.van2go.travel\/#website"},"primaryImageOfPage":{"@id":"https:\/\/www.van2go.travel\/produkt\/qeedo-freedom-compact-1\/#primaryimage"},"image":{"@id":"https:\/\/www.van2go.travel\/produkt\/qeedo-freedom-compact-1\/#primaryimage"},"thumbnailUrl":"https:\/\/www.van2go.travel\/wp-content\/uploads\/2024\/01\/Z3745_6.jpg","datePublished":"2024-01-28T16:12:30+00:00","dateModified":"2025-08-01T12:21:22+00:00","description":"Das Freedom Compact \u2013 unser kompaktestes Dachzelt. Es eignet sich perfekt f\u00fcr kleine Fahrzeuge, ist leicht, faltbar und auch der Rundumblick ist inklusive.","breadcrumb":{"@id":"https:\/\/www.van2go.travel\/produkt\/qeedo-freedom-compact-1\/#breadcrumb"},"inLanguage":"pl-PL","potentialAction":[{"@type":"ReadAction","target":["https:\/\/www.van2go.travel\/produkt\/qeedo-freedom-compact-1\/"]}]},{"@type":"ImageObject","inLanguage":"pl-PL","@id":"https:\/\/www.van2go.travel\/produkt\/qeedo-freedom-compact-1\/#primaryimage","url":"https:\/\/www.van2go.travel\/wp-content\/uploads\/2024\/01\/Z3745_6.jpg","contentUrl":"https:\/\/www.van2go.travel\/wp-content\/uploads\/2024\/01\/Z3745_6.jpg","width":1600,"height":1600},{"@type":"BreadcrumbList","@id":"https:\/\/www.van2go.travel\/produkt\/qeedo-freedom-compact-1\/#breadcrumb","itemListElement":[{"@type":"ListItem","position":1,"name":"Startseite","item":"https:\/\/www.van2go.travel\/"},{"@type":"ListItem","position":2,"name":"Shop","item":"https:\/\/www.van2go.travel\/shop\/"},{"@type":"ListItem","position":3,"name":"Qeedo Freedom Compact 1+"}]},{"@type":"WebSite","@id":"https:\/\/www.van2go.travel\/#website","url":"https:\/\/www.van2go.travel\/","name":"Van2Go - Das Microcamping Center in Singen am Bodensee","description":"Autorisierter H\u00e4ndler des Travelers von squiq, der Nestbox von Ego\u00e9, qeedo Dachzelten, E-Bikes von VanMoof und der Aufbaubatterie Saftkiste. Wir haben die L\u00f6sung, um dein Auto in einen Camper zu verwandeln.","publisher":{"@id":"https:\/\/www.van2go.travel\/#organization"},"potentialAction":[{"@type":"SearchAction","target":{"@type":"EntryPoint","urlTemplate":"https:\/\/www.van2go.travel\/?s={search_term_string}"},"query-input":{"@type":"PropertyValueSpecification","valueRequired":true,"valueName":"search_term_string"}}],"inLanguage":"pl-PL"},{"@type":"Organization","@id":"https:\/\/www.van2go.travel\/#organization","name":"Van2Go","url":"https:\/\/www.van2go.travel\/","logo":{"@type":"ImageObject","inLanguage":"pl-PL","@id":"https:\/\/www.van2go.travel\/#\/schema\/logo\/image\/","url":"https:\/\/www.van2go.travel\/wp-content\/uploads\/2021\/12\/Van2Go-Original-Logo_Schrift-rechts-gross.png","contentUrl":"https:\/\/www.van2go.travel\/wp-content\/uploads\/2021\/12\/Van2Go-Original-Logo_Schrift-rechts-gross.png","width":2825,"height":1008,"caption":"Van2Go"},"image":{"@id":"https:\/\/www.van2go.travel\/#\/schema\/logo\/image\/"},"sameAs":["https:\/\/www.facebook.com\/van2go.travel"]}]}},"_links":{"self":[{"href":"https:\/\/www.van2go.travel\/pl\/wp-json\/wp\/v2\/product\/3750","targetHints":{"allow":["GET"]}}],"collection":[{"href":"https:\/\/www.van2go.travel\/pl\/wp-json\/wp\/v2\/product"}],"about":[{"href":"https:\/\/www.van2go.travel\/pl\/wp-json\/wp\/v2\/types\/product"}],"replies":[{"embeddable":true,"href":"https:\/\/www.van2go.travel\/pl\/wp-json\/wp\/v2\/comments?post=3750"}],"wp:featuredmedia":[{"embeddable":true,"href":"https:\/\/www.van2go.travel\/pl\/wp-json\/wp\/v2\/media\/3760"}],"wp:attachment":[{"href":"https:\/\/www.van2go.travel\/pl\/wp-json\/wp\/v2\/media?parent=3750"}],"wp:term":[{"taxonomy":"product_brand","embeddable":true,"href":"https:\/\/www.van2go.travel\/pl\/wp-json\/wp\/v2\/product_brand?post=3750"},{"taxonomy":"product_cat","embeddable":true,"href":"https:\/\/www.van2go.travel\/pl\/wp-json\/wp\/v2\/product_cat?post=3750"},{"taxonomy":"product_tag","embeddable":true,"href":"https:\/\/www.van2go.travel\/pl\/wp-json\/wp\/v2\/product_tag?post=3750"}],"curies":[{"name":"wp","href":"https:\/\/api.w.org\/{rel}","templated":true}]}}