{"id":1729,"date":"2021-12-26T13:46:15","date_gmt":"2021-12-26T12:46:15","guid":{"rendered":"https:\/\/www.van2go.travel\/?page_id=1729"},"modified":"2025-04-01T23:32:51","modified_gmt":"2025-04-01T21:32:51","slug":"zusatzoptionen-wohnmobile-campervans","status":"publish","type":"page","link":"https:\/\/www.van2go.travel\/pl\/fahrzeuge\/zusatzoptionen-wohnmobile-campervans\/","title":{"rendered":"Zusatzoptionen"},"content":{"rendered":"\t\t<div data-elementor-type=\"wp-page\" data-elementor-id=\"1729\" class=\"elementor elementor-1729\">\n\t\t\t\t\t\t\t\t\t<section class=\"elementor-section elementor-top-section elementor-element elementor-element-468338c elementor-section-boxed elementor-section-height-default elementor-section-height-default wpr-particle-no wpr-jarallax-no wpr-parallax-no wpr-sticky-section-no\" data-id=\"468338c\" data-element_type=\"section\">\n\t\t\t\t\t\t<div class=\"elementor-container elementor-column-gap-default\">\n\t\t\t\t\t<div class=\"elementor-column elementor-col-100 elementor-top-column elementor-element elementor-element-4441885\" data-id=\"4441885\" data-element_type=\"column\">\n\t\t\t<div class=\"elementor-widget-wrap elementor-element-populated\">\n\t\t\t\t\t\t\t\t<div class=\"elementor-element elementor-element-e8440ba elementor-widget elementor-widget-heading\" data-id=\"e8440ba\" data-element_type=\"widget\" data-widget_type=\"heading.default\">\n\t\t\t\t<div class=\"elementor-widget-container\">\n\t\t\t<h2 class=\"elementor-heading-title elementor-size-large\"><b>Relax-Camping-Stuhl<\/b><\/h2>\t\t<\/div>\n\t\t\t\t<\/div>\n\t\t\t\t<section class=\"elementor-section elementor-inner-section elementor-element elementor-element-f860012 elementor-section-boxed elementor-section-height-default elementor-section-height-default wpr-particle-no wpr-jarallax-no wpr-parallax-no wpr-sticky-section-no\" data-id=\"f860012\" data-element_type=\"section\">\n\t\t\t\t\t\t<div class=\"elementor-container elementor-column-gap-default\">\n\t\t\t\t\t<div class=\"elementor-column elementor-col-50 elementor-inner-column elementor-element elementor-element-fd86c52\" data-id=\"fd86c52\" data-element_type=\"column\">\n\t\t\t<div class=\"elementor-widget-wrap elementor-element-populated\">\n\t\t\t\t\t\t\t\t<div class=\"elementor-element elementor-element-da5f008 elementor-widget elementor-widget-image\" data-id=\"da5f008\" data-element_type=\"widget\" data-widget_type=\"image.default\">\n\t\t\t\t<div class=\"elementor-widget-container\">\n\t\t\t\t\t\t\t\t\t\t\t\t\t\t\t<img decoding=\"async\" width=\"1220\" height=\"1220\" src=\"https:\/\/www.van2go.travel\/wp-content\/uploads\/2023\/09\/Z3666_3-1500x1500.jpg\" class=\"attachment-large size-large\" alt=\"Relax-Camping-Stuhl bei Van2Go\" srcset=\"https:\/\/www.van2go.travel\/wp-content\/uploads\/2023\/09\/Z3666_3-1500x1500.jpg 1500w, https:\/\/www.van2go.travel\/wp-content\/uploads\/2023\/09\/Z3666_3-360x360.jpg 360w, https:\/\/www.van2go.travel\/wp-content\/uploads\/2023\/09\/Z3666_3-80x80.jpg 80w, https:\/\/www.van2go.travel\/wp-content\/uploads\/2023\/09\/Z3666_3-750x750.jpg 750w, https:\/\/www.van2go.travel\/wp-content\/uploads\/2023\/09\/Z3666_3-1536x1536.jpg 1536w, https:\/\/www.van2go.travel\/wp-content\/uploads\/2023\/09\/Z3666_3-160x160.jpg 160w, https:\/\/www.van2go.travel\/wp-content\/uploads\/2023\/09\/Z3666_3.jpg 1600w\" sizes=\"(max-width: 1220px) 100vw, 1220px\" \/>\t\t\t\t\t\t\t\t\t\t\t\t\t\t\t<\/div>\n\t\t\t\t<\/div>\n\t\t\t\t\t<\/div>\n\t\t<\/div>\n\t\t\t\t<div class=\"elementor-column elementor-col-50 elementor-inner-column elementor-element elementor-element-b1a32d7\" data-id=\"b1a32d7\" data-element_type=\"column\">\n\t\t\t<div class=\"elementor-widget-wrap elementor-element-populated\">\n\t\t\t\t\t\t\t\t<div class=\"elementor-element elementor-element-4d45061 elementor-widget elementor-widget-text-editor\" data-id=\"4d45061\" data-element_type=\"widget\" data-widget_type=\"text-editor.default\">\n\t\t\t\t<div class=\"elementor-widget-container\">\n\t\t\t\t\t\t\t<p>Grunds\u00e4tzlich sind in unserem Angebot bereits Campingst\u00fchle in ausreichender Anzahl inklusive.<\/p>\n<p>M\u00f6chtest du jedoch deinen Urlaub noch entspannter angehen und auf dem Campingplatz richtig relaxen, so ist diese Option genau das Richtige f\u00fcr dich!<\/p>\n<p>Mit dem Relax-Camping-Stuhl kannst du entspannt am Tisch sitzen, aber auch zur\u00fcck lehnen und die F\u00fc\u00dfe hochlegen.<\/p>\n<p>Durch die hohe R\u00fcckenlehne ist die Sitzposition richtig bequem. W\u00e4hrend die R\u00fcckenlehne nach hinten klappt, wird gleichzeitig die Fu\u00dfauflage nach oben gedr\u00fcckt. Praktisch: Der nach hinten geneigte Oberk\u00f6rper h\u00e4lt die Fu\u00dfauflage oben.<\/p>\n<p>G\u00f6nn dir etwas Extra-Entspannung mit der Relax-Camping-Stuhl Option. Bei Buchung dieser Option ersetzen wir die regul\u00e4ren Campingst\u00fchle durch die Relax-Campingst\u00fchle.<\/p>\t\t\t\t\t\t<\/div>\n\t\t\t\t<\/div>\n\t\t\t\t\t<\/div>\n\t\t<\/div>\n\t\t\t\t\t\t\t<\/div>\n\t\t<\/section>\n\t\t\t\t\t<\/div>\n\t\t<\/div>\n\t\t\t\t\t\t\t<\/div>\n\t\t<\/section>\n\t\t\t\t<section class=\"elementor-section elementor-top-section elementor-element elementor-element-b1dcfeb elementor-section-boxed elementor-section-height-default elementor-section-height-default wpr-particle-no wpr-jarallax-no wpr-parallax-no wpr-sticky-section-no\" data-id=\"b1dcfeb\" data-element_type=\"section\">\n\t\t\t\t\t\t<div class=\"elementor-container elementor-column-gap-default\">\n\t\t\t\t\t<div class=\"elementor-column elementor-col-100 elementor-top-column elementor-element elementor-element-a17eabc\" data-id=\"a17eabc\" data-element_type=\"column\">\n\t\t\t<div class=\"elementor-widget-wrap elementor-element-populated\">\n\t\t\t\t\t\t\t\t<div class=\"elementor-element elementor-element-4686cfa elementor-widget elementor-widget-heading\" data-id=\"4686cfa\" data-element_type=\"widget\" data-widget_type=\"heading.default\">\n\t\t\t\t<div class=\"elementor-widget-container\">\n\t\t\t<h2 class=\"elementor-heading-title elementor-size-large\"><b>GPS Navigation f\u00fcr Wohnmobile<\/b><\/h2>\t\t<\/div>\n\t\t\t\t<\/div>\n\t\t\t\t<section class=\"elementor-section elementor-inner-section elementor-element elementor-element-c256422 elementor-section-boxed elementor-section-height-default elementor-section-height-default wpr-particle-no wpr-jarallax-no wpr-parallax-no wpr-sticky-section-no\" data-id=\"c256422\" data-element_type=\"section\">\n\t\t\t\t\t\t<div class=\"elementor-container elementor-column-gap-default\">\n\t\t\t\t\t<div class=\"elementor-column elementor-col-50 elementor-inner-column elementor-element elementor-element-08897f5\" data-id=\"08897f5\" data-element_type=\"column\">\n\t\t\t<div class=\"elementor-widget-wrap elementor-element-populated\">\n\t\t\t\t\t\t\t\t<div class=\"elementor-element elementor-element-e1753d2 elementor-widget elementor-widget-image\" data-id=\"e1753d2\" data-element_type=\"widget\" data-widget_type=\"image.default\">\n\t\t\t\t<div class=\"elementor-widget-container\">\n\t\t\t\t\t\t\t\t\t\t\t\t\t\t\t<img decoding=\"async\" width=\"1220\" height=\"813\" src=\"https:\/\/www.van2go.travel\/wp-content\/uploads\/2021\/12\/pexels-erik-mclean-9966011-1500x1000.jpg\" class=\"attachment-large size-large\" alt=\"GPS Navigation f\u00fcr Wohnmobile\" srcset=\"https:\/\/www.van2go.travel\/wp-content\/uploads\/2021\/12\/pexels-erik-mclean-9966011-1500x1000.jpg 1500w, https:\/\/www.van2go.travel\/wp-content\/uploads\/2021\/12\/pexels-erik-mclean-9966011-360x240.jpg 360w, https:\/\/www.van2go.travel\/wp-content\/uploads\/2021\/12\/pexels-erik-mclean-9966011-750x500.jpg 750w, https:\/\/www.van2go.travel\/wp-content\/uploads\/2021\/12\/pexels-erik-mclean-9966011-1536x1024.jpg 1536w, https:\/\/www.van2go.travel\/wp-content\/uploads\/2021\/12\/pexels-erik-mclean-9966011-2048x1365.jpg 2048w, https:\/\/www.van2go.travel\/wp-content\/uploads\/2021\/12\/pexels-erik-mclean-9966011-120x80.jpg 120w, https:\/\/www.van2go.travel\/wp-content\/uploads\/2021\/12\/pexels-erik-mclean-9966011-scaled.jpg 1920w\" sizes=\"(max-width: 1220px) 100vw, 1220px\" \/>\t\t\t\t\t\t\t\t\t\t\t\t\t\t\t<\/div>\n\t\t\t\t<\/div>\n\t\t\t\t\t<\/div>\n\t\t<\/div>\n\t\t\t\t<div class=\"elementor-column elementor-col-50 elementor-inner-column elementor-element elementor-element-1295d7b\" data-id=\"1295d7b\" data-element_type=\"column\">\n\t\t\t<div class=\"elementor-widget-wrap elementor-element-populated\">\n\t\t\t\t\t\t\t\t<div class=\"elementor-element elementor-element-17a629e elementor-widget elementor-widget-text-editor\" data-id=\"17a629e\" data-element_type=\"widget\" data-widget_type=\"text-editor.default\">\n\t\t\t\t<div class=\"elementor-widget-container\">\n\t\t\t\t\t\t\t<p>Um geheime Wege oder tolle Camping-Spots zu entdecken, ben\u00f6tigt man oft GPS-Navigation.<\/p><p>Google Maps oder andere g\u00e4ngige Navigationssysteme sind f\u00fcr PKWs konzipiert und leiten oftmals \u00fcber Wege, die nicht f\u00fcr Wohnmobile geeignet sind.<\/p><p>Mit dieser Option erh\u00e4ltst du ein GPS Navigationsger\u00e4t, das speziell f\u00fcr Wohnmobile und Camper Vans entwickelt wurde. Es wird bereits auf das Gewicht und die Gr\u00f6\u00dfe deines Wohnmobils oder Camper Vans konfiguriert. Damit kommst du entspannt ans Ziel und musst dir keine Sorgen mehr machen um zu enge Stra\u00dfen oder zu niedrige Br\u00fccken.<\/p>\t\t\t\t\t\t<\/div>\n\t\t\t\t<\/div>\n\t\t\t\t\t<\/div>\n\t\t<\/div>\n\t\t\t\t\t\t\t<\/div>\n\t\t<\/section>\n\t\t\t\t\t<\/div>\n\t\t<\/div>\n\t\t\t\t\t\t\t<\/div>\n\t\t<\/section>\n\t\t\t\t<section class=\"elementor-section elementor-top-section elementor-element elementor-element-f06fc12 elementor-section-boxed elementor-section-height-default elementor-section-height-default wpr-particle-no wpr-jarallax-no wpr-parallax-no wpr-sticky-section-no\" data-id=\"f06fc12\" data-element_type=\"section\">\n\t\t\t\t\t\t<div class=\"elementor-container elementor-column-gap-default\">\n\t\t\t\t\t<div class=\"elementor-column elementor-col-100 elementor-top-column elementor-element elementor-element-e630605\" data-id=\"e630605\" data-element_type=\"column\">\n\t\t\t<div class=\"elementor-widget-wrap elementor-element-populated\">\n\t\t\t\t\t\t\t\t<div class=\"elementor-element elementor-element-602b38e elementor-widget elementor-widget-heading\" data-id=\"602b38e\" data-element_type=\"widget\" data-widget_type=\"heading.default\">\n\t\t\t\t<div class=\"elementor-widget-container\">\n\t\t\t<h2 class=\"elementor-heading-title elementor-size-large\"><b>Kautionsreduktion - Reduzierung der Kaution auf 500,- \u20ac<\/b><\/h2>\t\t<\/div>\n\t\t\t\t<\/div>\n\t\t\t\t<section class=\"elementor-section elementor-inner-section elementor-element elementor-element-97578b2 elementor-section-full_width elementor-section-height-default elementor-section-height-default wpr-particle-no wpr-jarallax-no wpr-parallax-no wpr-sticky-section-no\" data-id=\"97578b2\" data-element_type=\"section\">\n\t\t\t\t\t\t<div class=\"elementor-container elementor-column-gap-default\">\n\t\t\t\t\t<div class=\"elementor-column elementor-col-50 elementor-inner-column elementor-element elementor-element-e9564a3\" data-id=\"e9564a3\" data-element_type=\"column\">\n\t\t\t<div class=\"elementor-widget-wrap elementor-element-populated\">\n\t\t\t\t\t\t\t\t<div class=\"elementor-element elementor-element-8f5d8f7 elementor-widget elementor-widget-image\" data-id=\"8f5d8f7\" data-element_type=\"widget\" data-widget_type=\"image.default\">\n\t\t\t\t<div class=\"elementor-widget-container\">\n\t\t\t\t\t\t\t\t\t\t\t\t\t\t\t<img decoding=\"async\" width=\"1220\" height=\"813\" src=\"https:\/\/www.van2go.travel\/wp-content\/uploads\/2021\/12\/pexels-karolina-grabowska-4386477-1500x1000.jpg\" class=\"attachment-large size-large\" alt=\"Kautionsreduktion\" srcset=\"https:\/\/www.van2go.travel\/wp-content\/uploads\/2021\/12\/pexels-karolina-grabowska-4386477-1500x1000.jpg 1500w, https:\/\/www.van2go.travel\/wp-content\/uploads\/2021\/12\/pexels-karolina-grabowska-4386477-360x240.jpg 360w, https:\/\/www.van2go.travel\/wp-content\/uploads\/2021\/12\/pexels-karolina-grabowska-4386477-750x500.jpg 750w, https:\/\/www.van2go.travel\/wp-content\/uploads\/2021\/12\/pexels-karolina-grabowska-4386477-1536x1024.jpg 1536w, https:\/\/www.van2go.travel\/wp-content\/uploads\/2021\/12\/pexels-karolina-grabowska-4386477-2048x1365.jpg 2048w, https:\/\/www.van2go.travel\/wp-content\/uploads\/2021\/12\/pexels-karolina-grabowska-4386477-120x80.jpg 120w, https:\/\/www.van2go.travel\/wp-content\/uploads\/2021\/12\/pexels-karolina-grabowska-4386477-scaled.jpg 1920w\" sizes=\"(max-width: 1220px) 100vw, 1220px\" \/>\t\t\t\t\t\t\t\t\t\t\t\t\t\t\t<\/div>\n\t\t\t\t<\/div>\n\t\t\t\t\t<\/div>\n\t\t<\/div>\n\t\t\t\t<div class=\"elementor-column elementor-col-50 elementor-inner-column elementor-element elementor-element-6cbdb42\" data-id=\"6cbdb42\" data-element_type=\"column\">\n\t\t\t<div class=\"elementor-widget-wrap elementor-element-populated\">\n\t\t\t\t\t\t\t\t<div class=\"elementor-element elementor-element-167f87b elementor-widget elementor-widget-text-editor\" data-id=\"167f87b\" data-element_type=\"widget\" data-widget_type=\"text-editor.default\">\n\t\t\t\t<div class=\"elementor-widget-container\">\n\t\t\t\t\t\t\t<p>Die Kaution f\u00fcr unsere Wohnmobile und Camper Vans betr\u00e4gt 1.200,- \u20ac. Diese muss in Bar bei der Abholung des Wohnmobils hinterlegt werden. Du erh\u00e4ltst die volle H\u00f6he der hinterlegten Kaution nach R\u00fcckgabe des unbesch\u00e4digten Wohnmobils wieder zur\u00fcck.<\/p>\n<p>Nach dem Buchen dieser Option reduziert sich die zu hinterlegende Kaution auf 500,- \u20ac.<\/p>\n<p><b>Wichtig: Durch das Buchen dieser Option reduziert sich nicht die Selbstbeteiligung der Versicherung im Fall eines Schadens.<\/b><\/p>\t\t\t\t\t\t<\/div>\n\t\t\t\t<\/div>\n\t\t\t\t\t<\/div>\n\t\t<\/div>\n\t\t\t\t\t\t\t<\/div>\n\t\t<\/section>\n\t\t\t\t\t<\/div>\n\t\t<\/div>\n\t\t\t\t\t\t\t<\/div>\n\t\t<\/section>\n\t\t\t\t<section class=\"elementor-section elementor-top-section elementor-element elementor-element-8e86450 elementor-section-boxed elementor-section-height-default elementor-section-height-default wpr-particle-no wpr-jarallax-no wpr-parallax-no wpr-sticky-section-no\" data-id=\"8e86450\" data-element_type=\"section\">\n\t\t\t\t\t\t<div class=\"elementor-container elementor-column-gap-default\">\n\t\t\t\t\t<div class=\"elementor-column elementor-col-100 elementor-top-column elementor-element elementor-element-5c2c86b\" data-id=\"5c2c86b\" data-element_type=\"column\">\n\t\t\t<div class=\"elementor-widget-wrap elementor-element-populated\">\n\t\t\t\t\t\t\t\t<div class=\"elementor-element elementor-element-6d70586 elementor-widget elementor-widget-heading\" data-id=\"6d70586\" data-element_type=\"widget\" data-widget_type=\"heading.default\">\n\t\t\t\t<div class=\"elementor-widget-container\">\n\t\t\t<h2 class=\"elementor-heading-title elementor-size-large\"><b>Winterpaket<\/b><\/h2>\t\t<\/div>\n\t\t\t\t<\/div>\n\t\t\t\t<section class=\"elementor-section elementor-inner-section elementor-element elementor-element-4273ba8 elementor-section-boxed elementor-section-height-default elementor-section-height-default wpr-particle-no wpr-jarallax-no wpr-parallax-no wpr-sticky-section-no\" data-id=\"4273ba8\" data-element_type=\"section\">\n\t\t\t\t\t\t<div class=\"elementor-container elementor-column-gap-default\">\n\t\t\t\t\t<div class=\"elementor-column elementor-col-50 elementor-inner-column elementor-element elementor-element-6a1d025\" data-id=\"6a1d025\" data-element_type=\"column\">\n\t\t\t<div class=\"elementor-widget-wrap elementor-element-populated\">\n\t\t\t\t\t\t\t\t<div class=\"elementor-element elementor-element-22a696c elementor-widget elementor-widget-image\" data-id=\"22a696c\" data-element_type=\"widget\" data-widget_type=\"image.default\">\n\t\t\t\t<div class=\"elementor-widget-container\">\n\t\t\t\t\t\t\t\t\t\t\t\t\t\t\t<img decoding=\"async\" width=\"1220\" height=\"828\" src=\"https:\/\/www.van2go.travel\/wp-content\/uploads\/2022\/02\/pexels-thirdman-6945644-scaled-e1646064342371-1500x1018.jpg\" class=\"attachment-large size-large\" alt=\"Winterpaket f\u00fcr Wohnmobile und Camper Vans\" srcset=\"https:\/\/www.van2go.travel\/wp-content\/uploads\/2022\/02\/pexels-thirdman-6945644-scaled-e1646064342371-1500x1018.jpg 1500w, https:\/\/www.van2go.travel\/wp-content\/uploads\/2022\/02\/pexels-thirdman-6945644-scaled-e1646064342371-360x244.jpg 360w, https:\/\/www.van2go.travel\/wp-content\/uploads\/2022\/02\/pexels-thirdman-6945644-scaled-e1646064342371-750x509.jpg 750w, https:\/\/www.van2go.travel\/wp-content\/uploads\/2022\/02\/pexels-thirdman-6945644-scaled-e1646064342371-1536x1042.jpg 1536w, https:\/\/www.van2go.travel\/wp-content\/uploads\/2022\/02\/pexels-thirdman-6945644-scaled-e1646064342371-118x80.jpg 118w, https:\/\/www.van2go.travel\/wp-content\/uploads\/2022\/02\/pexels-thirdman-6945644-scaled-e1646064342371.jpg 1707w\" sizes=\"(max-width: 1220px) 100vw, 1220px\" \/>\t\t\t\t\t\t\t\t\t\t\t\t\t\t\t<\/div>\n\t\t\t\t<\/div>\n\t\t\t\t\t<\/div>\n\t\t<\/div>\n\t\t\t\t<div class=\"elementor-column elementor-col-50 elementor-inner-column elementor-element elementor-element-7c5d2ea\" data-id=\"7c5d2ea\" data-element_type=\"column\">\n\t\t\t<div class=\"elementor-widget-wrap elementor-element-populated\">\n\t\t\t\t\t\t\t\t<div class=\"elementor-element elementor-element-8d24429 elementor-widget elementor-widget-text-editor\" data-id=\"8d24429\" data-element_type=\"widget\" data-widget_type=\"text-editor.default\">\n\t\t\t\t<div class=\"elementor-widget-container\">\n\t\t\t\t\t\t\t<p>In diesem Paket sind folgende Dinge beinhaltet:<\/p><p>Eine<span style=\"font-size: inherit; color: var(--text-color);\">\u00a0D\u00e4mmmatte f\u00fcr die Frontscheibe. In Wohnmobilen geht die meiste W\u00e4rme durch die Frontscheibe verloren. Mit der zus\u00e4tzlichen D\u00e4mmmatte bleibt es nachts kuschelig und warm im Wohnmobil und du sparst Gas beim Heizen.<\/span><\/p><p>Damit du nicht irgendwo stecken bleibst, bekommst du einen Satz Schneeketten (zwei St\u00fcck f\u00fcr die Antriebsr\u00e4der). So wird Neuschnee \u00fcber Nacht zu einer positiven \u00dcberraschung und nicht zum \u00c4rgernis.<\/p>\t\t\t\t\t\t<\/div>\n\t\t\t\t<\/div>\n\t\t\t\t\t<\/div>\n\t\t<\/div>\n\t\t\t\t\t\t\t<\/div>\n\t\t<\/section>\n\t\t\t\t\t<\/div>\n\t\t<\/div>\n\t\t\t\t\t\t\t<\/div>\n\t\t<\/section>\n\t\t\t\t<section class=\"elementor-section elementor-top-section elementor-element elementor-element-3731ece elementor-section-boxed elementor-section-height-default elementor-section-height-default wpr-particle-no wpr-jarallax-no wpr-parallax-no wpr-sticky-section-no\" data-id=\"3731ece\" data-element_type=\"section\">\n\t\t\t\t\t\t<div class=\"elementor-container elementor-column-gap-default\">\n\t\t\t\t\t<div class=\"elementor-column elementor-col-100 elementor-top-column elementor-element elementor-element-268801e\" data-id=\"268801e\" data-element_type=\"column\">\n\t\t\t<div class=\"elementor-widget-wrap elementor-element-populated\">\n\t\t\t\t\t\t\t\t<div class=\"elementor-element elementor-element-84382a7 elementor-widget elementor-widget-heading\" data-id=\"84382a7\" data-element_type=\"widget\" data-widget_type=\"heading.default\">\n\t\t\t\t<div class=\"elementor-widget-container\">\n\t\t\t<h2 class=\"elementor-heading-title elementor-size-large\"><b>Haustier-Mitnahme<\/b><\/h2>\t\t<\/div>\n\t\t\t\t<\/div>\n\t\t\t\t<section class=\"elementor-section elementor-inner-section elementor-element elementor-element-494f604 elementor-section-boxed elementor-section-height-default elementor-section-height-default wpr-particle-no wpr-jarallax-no wpr-parallax-no wpr-sticky-section-no\" data-id=\"494f604\" data-element_type=\"section\">\n\t\t\t\t\t\t<div class=\"elementor-container elementor-column-gap-default\">\n\t\t\t\t\t<div class=\"elementor-column elementor-col-50 elementor-inner-column elementor-element elementor-element-95a19df\" data-id=\"95a19df\" data-element_type=\"column\">\n\t\t\t<div class=\"elementor-widget-wrap elementor-element-populated\">\n\t\t\t\t\t\t\t\t<div class=\"elementor-element elementor-element-2473979 elementor-widget elementor-widget-image\" data-id=\"2473979\" data-element_type=\"widget\" data-widget_type=\"image.default\">\n\t\t\t\t<div class=\"elementor-widget-container\">\n\t\t\t\t\t\t\t\t\t\t\t\t\t\t\t<img decoding=\"async\" width=\"1220\" height=\"1830\" src=\"https:\/\/www.van2go.travel\/wp-content\/uploads\/2022\/02\/pexels-pnw-production-9354590-1500x2250.jpg\" class=\"attachment-large size-large\" alt=\"Haustier-Mitnahme in Wohnmobil und Camper Van\" srcset=\"https:\/\/www.van2go.travel\/wp-content\/uploads\/2022\/02\/pexels-pnw-production-9354590-1500x2250.jpg 1500w, https:\/\/www.van2go.travel\/wp-content\/uploads\/2022\/02\/pexels-pnw-production-9354590-360x540.jpg 360w, https:\/\/www.van2go.travel\/wp-content\/uploads\/2022\/02\/pexels-pnw-production-9354590-750x1125.jpg 750w, https:\/\/www.van2go.travel\/wp-content\/uploads\/2022\/02\/pexels-pnw-production-9354590-1024x1536.jpg 1024w, https:\/\/www.van2go.travel\/wp-content\/uploads\/2022\/02\/pexels-pnw-production-9354590-1365x2048.jpg 1365w, https:\/\/www.van2go.travel\/wp-content\/uploads\/2022\/02\/pexels-pnw-production-9354590-53x80.jpg 53w, https:\/\/www.van2go.travel\/wp-content\/uploads\/2022\/02\/pexels-pnw-production-9354590-scaled.jpg 1280w\" sizes=\"(max-width: 1220px) 100vw, 1220px\" \/>\t\t\t\t\t\t\t\t\t\t\t\t\t\t\t<\/div>\n\t\t\t\t<\/div>\n\t\t\t\t\t<\/div>\n\t\t<\/div>\n\t\t\t\t<div class=\"elementor-column elementor-col-50 elementor-inner-column elementor-element elementor-element-c3a2f43\" data-id=\"c3a2f43\" data-element_type=\"column\">\n\t\t\t<div class=\"elementor-widget-wrap elementor-element-populated\">\n\t\t\t\t\t\t\t\t<div class=\"elementor-element elementor-element-9901770 elementor-widget elementor-widget-text-editor\" data-id=\"9901770\" data-element_type=\"widget\" data-widget_type=\"text-editor.default\">\n\t\t\t\t<div class=\"elementor-widget-container\">\n\t\t\t\t\t\t\t<p>Du m\u00f6chtest deinen vierbeinigen Liebling mit in den Camping-Urlaub nehmen? Das ist bei uns \u00fcberhaupt kein Problem!<\/p><p>Nach dem Buchen dieser Option kannst du dein Haustier gerne mitnehmen. Da wir jedoch auch selbst Haustierbesitzer sind, wissen wir, dass die Kleinen doch etwas mehr Haare verlieren als Menschen. Somit ist es nach der R\u00fcckgabe der Fahrzeuge erforderlich, diese besonders intensiv zu reinigen, wodurch wir mehr Zeit aufwenden m\u00fcssen.<\/p><p>Du musst dich mit der Option der Haustier-Mitnahme nicht um eine Urlaubsversorgung deines Haustieres zu Hause k\u00fcmmern, dein Haustier vermisst dich im Urlaub nicht so sehr und wir versuchen, die Reinigungskosten so gering wie m\u00f6glich zu halten.<\/p><p>Es entsteht sozusagen eine Win-Win-Win-Situation.<\/p><p>Info: Bei dieser Option musst du passende R\u00fcckhaltevorrichtungen wie beispielsweise Transportboxen oder Hundebetten selbst mitbringen.<\/p>\t\t\t\t\t\t<\/div>\n\t\t\t\t<\/div>\n\t\t\t\t\t<\/div>\n\t\t<\/div>\n\t\t\t\t\t\t\t<\/div>\n\t\t<\/section>\n\t\t\t\t\t<\/div>\n\t\t<\/div>\n\t\t\t\t\t\t\t<\/div>\n\t\t<\/section>\n\t\t\t\t<section class=\"elementor-section elementor-top-section elementor-element elementor-element-1768612 elementor-section-boxed elementor-section-height-default elementor-section-height-default wpr-particle-no wpr-jarallax-no wpr-parallax-no wpr-sticky-section-no\" data-id=\"1768612\" data-element_type=\"section\">\n\t\t\t\t\t\t<div class=\"elementor-container elementor-column-gap-default\">\n\t\t\t\t\t<div class=\"elementor-column elementor-col-100 elementor-top-column elementor-element elementor-element-0895771\" data-id=\"0895771\" data-element_type=\"column\">\n\t\t\t<div class=\"elementor-widget-wrap elementor-element-populated\">\n\t\t\t\t\t\t\t\t<div class=\"elementor-element elementor-element-b02c115 elementor-widget elementor-widget-heading\" data-id=\"b02c115\" data-element_type=\"widget\" data-widget_type=\"heading.default\">\n\t\t\t\t<div class=\"elementor-widget-container\">\n\t\t\t<h2 class=\"elementor-heading-title elementor-size-large\"><b>Reinigung<\/b><\/h2>\t\t<\/div>\n\t\t\t\t<\/div>\n\t\t\t\t<section class=\"elementor-section elementor-inner-section elementor-element elementor-element-c53c574 elementor-section-boxed elementor-section-height-default elementor-section-height-default wpr-particle-no wpr-jarallax-no wpr-parallax-no wpr-sticky-section-no\" data-id=\"c53c574\" data-element_type=\"section\">\n\t\t\t\t\t\t<div class=\"elementor-container elementor-column-gap-default\">\n\t\t\t\t\t<div class=\"elementor-column elementor-col-50 elementor-inner-column elementor-element elementor-element-7ba5ece\" data-id=\"7ba5ece\" data-element_type=\"column\">\n\t\t\t<div class=\"elementor-widget-wrap elementor-element-populated\">\n\t\t\t\t\t\t\t\t<div class=\"elementor-element elementor-element-4d1db74 elementor-widget elementor-widget-image\" data-id=\"4d1db74\" data-element_type=\"widget\" data-widget_type=\"image.default\">\n\t\t\t\t<div class=\"elementor-widget-container\">\n\t\t\t\t\t\t\t\t\t\t\t\t\t\t\t<img decoding=\"async\" width=\"1220\" height=\"813\" src=\"https:\/\/www.van2go.travel\/wp-content\/uploads\/2022\/10\/pexels-cottonbro-4684372-1500x1000.jpg\" class=\"attachment-large size-large\" alt=\"Zusatzoption Grundreinigung\" srcset=\"https:\/\/www.van2go.travel\/wp-content\/uploads\/2022\/10\/pexels-cottonbro-4684372-1500x1000.jpg 1500w, https:\/\/www.van2go.travel\/wp-content\/uploads\/2022\/10\/pexels-cottonbro-4684372-360x240.jpg 360w, https:\/\/www.van2go.travel\/wp-content\/uploads\/2022\/10\/pexels-cottonbro-4684372-750x500.jpg 750w, https:\/\/www.van2go.travel\/wp-content\/uploads\/2022\/10\/pexels-cottonbro-4684372-1536x1024.jpg 1536w, https:\/\/www.van2go.travel\/wp-content\/uploads\/2022\/10\/pexels-cottonbro-4684372-2048x1365.jpg 2048w, https:\/\/www.van2go.travel\/wp-content\/uploads\/2022\/10\/pexels-cottonbro-4684372-120x80.jpg 120w, https:\/\/www.van2go.travel\/wp-content\/uploads\/2022\/10\/pexels-cottonbro-4684372-scaled.jpg 1920w\" sizes=\"(max-width: 1220px) 100vw, 1220px\" \/>\t\t\t\t\t\t\t\t\t\t\t\t\t\t\t<\/div>\n\t\t\t\t<\/div>\n\t\t\t\t\t<\/div>\n\t\t<\/div>\n\t\t\t\t<div class=\"elementor-column elementor-col-50 elementor-inner-column elementor-element elementor-element-6a50e1a\" data-id=\"6a50e1a\" data-element_type=\"column\">\n\t\t\t<div class=\"elementor-widget-wrap elementor-element-populated\">\n\t\t\t\t\t\t\t\t<div class=\"elementor-element elementor-element-c803556 elementor-widget elementor-widget-text-editor\" data-id=\"c803556\" data-element_type=\"widget\" data-widget_type=\"text-editor.default\">\n\t\t\t\t<div class=\"elementor-widget-container\">\n\t\t\t\t\t\t\t<p>Du hast die Wahl! Sparen oder easy Komfort?<\/p>\n<p>Bitte gib das Wohnmobil grundgereinigt zur\u00fcck. Das bedeutet, dass du es ausfegst und die Oberfl\u00e4chen mit einem feuchten Tuch abwischst. Die anschlie\u00dfende Intensivreinigung f\u00fchren wir im Anschluss selbst durch.<\/p>\n<p>Solltest du das Fahrzeug nicht grundreinigen wollen oder k\u00f6nnen, kannst du diese Option bereits bei der Buchung deines Fahrzeugs ausw\u00e4hlen. Wenn du diese Option gebucht hast, kannst du das Fahrzeug g\u00e4nzlich ungereinigt zur\u00fcck bringen und wir \u00fcbernehmen die komplette Reinigung.<\/p>\t\t\t\t\t\t<\/div>\n\t\t\t\t<\/div>\n\t\t\t\t\t<\/div>\n\t\t<\/div>\n\t\t\t\t\t\t\t<\/div>\n\t\t<\/section>\n\t\t\t\t\t<\/div>\n\t\t<\/div>\n\t\t\t\t\t\t\t<\/div>\n\t\t<\/section>\n\t\t\t\t<section class=\"elementor-section elementor-top-section elementor-element elementor-element-ec75d04 elementor-section-boxed elementor-section-height-default elementor-section-height-default wpr-particle-no wpr-jarallax-no wpr-parallax-no wpr-sticky-section-no\" data-id=\"ec75d04\" data-element_type=\"section\">\n\t\t\t\t\t\t<div class=\"elementor-container elementor-column-gap-default\">\n\t\t\t\t\t<div class=\"elementor-column elementor-col-100 elementor-top-column elementor-element elementor-element-5c1141e\" data-id=\"5c1141e\" data-element_type=\"column\">\n\t\t\t<div class=\"elementor-widget-wrap elementor-element-populated\">\n\t\t\t\t\t\t\t\t<div class=\"elementor-element elementor-element-4c4619e elementor-widget elementor-widget-heading\" data-id=\"4c4619e\" data-element_type=\"widget\" data-widget_type=\"heading.default\">\n\t\t\t\t<div class=\"elementor-widget-container\">\n\t\t\t<h2 class=\"elementor-heading-title elementor-size-large\"><b>Early Check-In<\/b><\/h2>\t\t<\/div>\n\t\t\t\t<\/div>\n\t\t\t\t<section class=\"elementor-section elementor-inner-section elementor-element elementor-element-a158bc6 elementor-section-boxed elementor-section-height-default elementor-section-height-default wpr-particle-no wpr-jarallax-no wpr-parallax-no wpr-sticky-section-no\" data-id=\"a158bc6\" data-element_type=\"section\">\n\t\t\t\t\t\t<div class=\"elementor-container elementor-column-gap-default\">\n\t\t\t\t\t<div class=\"elementor-column elementor-col-50 elementor-inner-column elementor-element elementor-element-1e93621\" data-id=\"1e93621\" data-element_type=\"column\">\n\t\t\t<div class=\"elementor-widget-wrap elementor-element-populated\">\n\t\t\t\t\t\t\t\t<div class=\"elementor-element elementor-element-4e9d667 elementor-widget elementor-widget-image\" data-id=\"4e9d667\" data-element_type=\"widget\" data-widget_type=\"image.default\">\n\t\t\t\t<div class=\"elementor-widget-container\">\n\t\t\t\t\t\t\t\t\t\t\t\t\t\t\t<img decoding=\"async\" width=\"1220\" height=\"813\" src=\"https:\/\/www.van2go.travel\/wp-content\/uploads\/2024\/09\/pexels-cottonbro-5137954-1500x1000.jpg\" class=\"attachment-large size-large\" alt=\"Early Check-In bei Van2Go\" srcset=\"https:\/\/www.van2go.travel\/wp-content\/uploads\/2024\/09\/pexels-cottonbro-5137954-1500x1000.jpg 1500w, https:\/\/www.van2go.travel\/wp-content\/uploads\/2024\/09\/pexels-cottonbro-5137954-360x240.jpg 360w, https:\/\/www.van2go.travel\/wp-content\/uploads\/2024\/09\/pexels-cottonbro-5137954-750x500.jpg 750w, https:\/\/www.van2go.travel\/wp-content\/uploads\/2024\/09\/pexels-cottonbro-5137954-1536x1024.jpg 1536w, https:\/\/www.van2go.travel\/wp-content\/uploads\/2024\/09\/pexels-cottonbro-5137954-120x80.jpg 120w, https:\/\/www.van2go.travel\/wp-content\/uploads\/2024\/09\/pexels-cottonbro-5137954.jpg 1920w\" sizes=\"(max-width: 1220px) 100vw, 1220px\" \/>\t\t\t\t\t\t\t\t\t\t\t\t\t\t\t<\/div>\n\t\t\t\t<\/div>\n\t\t\t\t\t<\/div>\n\t\t<\/div>\n\t\t\t\t<div class=\"elementor-column elementor-col-50 elementor-inner-column elementor-element elementor-element-7b238f8\" data-id=\"7b238f8\" data-element_type=\"column\">\n\t\t\t<div class=\"elementor-widget-wrap elementor-element-populated\">\n\t\t\t\t\t\t\t\t<div class=\"elementor-element elementor-element-de363f7 elementor-widget elementor-widget-text-editor\" data-id=\"de363f7\" data-element_type=\"widget\" data-widget_type=\"text-editor.default\">\n\t\t\t\t<div class=\"elementor-widget-container\">\n\t\t\t\t\t\t\t<p>In der Regel kannst du das Fahrzeug am Abholtag ab 14 Uhr abholen.<\/p><p>Du m\u00f6chtest bereits schon vorher los und den ganzen Tag nutzen? Mit Buchen dieser Option geben wir extra Stoff und bereiten dein Fahrzeug etwas schneller f\u00fcr dich vor, so dass eine Abholung auch bereits vor 14 Uhr stattfinden kann. Eine genaue Uhrzeit f\u00fcr die Abholung vereinbaren wir individuell miteinander.<\/p>\t\t\t\t\t\t<\/div>\n\t\t\t\t<\/div>\n\t\t\t\t\t<\/div>\n\t\t<\/div>\n\t\t\t\t\t\t\t<\/div>\n\t\t<\/section>\n\t\t\t\t\t<\/div>\n\t\t<\/div>\n\t\t\t\t\t\t\t<\/div>\n\t\t<\/section>\n\t\t\t\t<section class=\"elementor-section elementor-top-section elementor-element elementor-element-32d89df elementor-section-boxed elementor-section-height-default elementor-section-height-default wpr-particle-no wpr-jarallax-no wpr-parallax-no wpr-sticky-section-no\" data-id=\"32d89df\" data-element_type=\"section\">\n\t\t\t\t\t\t<div class=\"elementor-container elementor-column-gap-default\">\n\t\t\t\t\t<div class=\"elementor-column elementor-col-100 elementor-top-column elementor-element elementor-element-434c00e\" data-id=\"434c00e\" data-element_type=\"column\">\n\t\t\t<div class=\"elementor-widget-wrap elementor-element-populated\">\n\t\t\t\t\t\t\t\t<div class=\"elementor-element elementor-element-a9e9253 elementor-widget elementor-widget-heading\" data-id=\"a9e9253\" data-element_type=\"widget\" data-widget_type=\"heading.default\">\n\t\t\t\t<div class=\"elementor-widget-container\">\n\t\t\t<h2 class=\"elementor-heading-title elementor-size-large\"><b>Late Check-Out<\/b><\/h2>\t\t<\/div>\n\t\t\t\t<\/div>\n\t\t\t\t<section class=\"elementor-section elementor-inner-section elementor-element elementor-element-c5b7336 elementor-section-boxed elementor-section-height-default elementor-section-height-default wpr-particle-no wpr-jarallax-no wpr-parallax-no wpr-sticky-section-no\" data-id=\"c5b7336\" data-element_type=\"section\">\n\t\t\t\t\t\t<div class=\"elementor-container elementor-column-gap-default\">\n\t\t\t\t\t<div class=\"elementor-column elementor-col-50 elementor-inner-column elementor-element elementor-element-6c7f5b6\" data-id=\"6c7f5b6\" data-element_type=\"column\">\n\t\t\t<div class=\"elementor-widget-wrap elementor-element-populated\">\n\t\t\t\t\t\t\t\t<div class=\"elementor-element elementor-element-974a726 elementor-widget elementor-widget-image\" data-id=\"974a726\" data-element_type=\"widget\" data-widget_type=\"image.default\">\n\t\t\t\t<div class=\"elementor-widget-container\">\n\t\t\t\t\t\t\t\t\t\t\t\t\t\t\t<img decoding=\"async\" width=\"1220\" height=\"813\" src=\"https:\/\/www.van2go.travel\/wp-content\/uploads\/2024\/09\/pexels-cottonbro-5137969-1500x1000.jpg\" class=\"attachment-large size-large\" alt=\"Late Check-Out bei Van2Go\" srcset=\"https:\/\/www.van2go.travel\/wp-content\/uploads\/2024\/09\/pexels-cottonbro-5137969-1500x1000.jpg 1500w, https:\/\/www.van2go.travel\/wp-content\/uploads\/2024\/09\/pexels-cottonbro-5137969-360x240.jpg 360w, https:\/\/www.van2go.travel\/wp-content\/uploads\/2024\/09\/pexels-cottonbro-5137969-750x500.jpg 750w, https:\/\/www.van2go.travel\/wp-content\/uploads\/2024\/09\/pexels-cottonbro-5137969-1536x1024.jpg 1536w, https:\/\/www.van2go.travel\/wp-content\/uploads\/2024\/09\/pexels-cottonbro-5137969-120x80.jpg 120w, https:\/\/www.van2go.travel\/wp-content\/uploads\/2024\/09\/pexels-cottonbro-5137969.jpg 1920w\" sizes=\"(max-width: 1220px) 100vw, 1220px\" \/>\t\t\t\t\t\t\t\t\t\t\t\t\t\t\t<\/div>\n\t\t\t\t<\/div>\n\t\t\t\t\t<\/div>\n\t\t<\/div>\n\t\t\t\t<div class=\"elementor-column elementor-col-50 elementor-inner-column elementor-element elementor-element-3a2b8b2\" data-id=\"3a2b8b2\" data-element_type=\"column\">\n\t\t\t<div class=\"elementor-widget-wrap elementor-element-populated\">\n\t\t\t\t\t\t\t\t<div class=\"elementor-element elementor-element-91ad6cd elementor-widget elementor-widget-text-editor\" data-id=\"91ad6cd\" data-element_type=\"widget\" data-widget_type=\"text-editor.default\">\n\t\t\t\t<div class=\"elementor-widget-container\">\n\t\t\t\t\t\t\t<p>Dein Wohnmobil muss am Abgabetag bis 12 Uhr abgegeben werden.<\/p><p>Mit dem Buchen dieser Option kannst du dein Fahrzeug auch danach abgeben. So kannst du beispielsweise den letzten Tag noch etwas besser f\u00fcr deine Reise nutzen. Eine genaue Uhrzeit f\u00fcr die R\u00fcckgabe vereinbaren wir individuell miteinander.<\/p>\t\t\t\t\t\t<\/div>\n\t\t\t\t<\/div>\n\t\t\t\t\t<\/div>\n\t\t<\/div>\n\t\t\t\t\t\t\t<\/div>\n\t\t<\/section>\n\t\t\t\t\t<\/div>\n\t\t<\/div>\n\t\t\t\t\t\t\t<\/div>\n\t\t<\/section>\n\t\t\t\t\t\t\t<\/div>\n\t\t","protected":false},"excerpt":{"rendered":"<p>Relax-Camping-Stuhl Grunds\u00e4tzlich sind in unserem Angebot bereits Campingst\u00fchle in ausreichender Anzahl inklusive. M\u00f6chtest du jedoch&hellip;<\/p>\n","protected":false},"author":1,"featured_media":0,"parent":98,"menu_order":0,"comment_status":"closed","ping_status":"closed","template":"elementor_header_footer","meta":{"footnotes":""},"class_list":["post-1729","page","type-page","status-publish","hentry"],"yoast_head":"<!-- This site is optimized with the Yoast SEO plugin v26.6 - https:\/\/yoast.com\/wordpress\/plugins\/seo\/ -->\n<title>Zusatzoptionen<\/title>\n<meta name=\"description\" content=\"Unsere Wohnmobile sind reisefertig ausgestattet. Du kannst bei Bedarf optionale Zusatzausstattung buchen, um deinen Urlaub zu versch\u00f6nern.\" \/>\n<meta name=\"robots\" content=\"index, follow, max-snippet:-1, max-image-preview:large, max-video-preview:-1\" \/>\n<link rel=\"canonical\" href=\"https:\/\/www.van2go.travel\/pl\/fahrzeuge\/zusatzoptionen-wohnmobile-campervans\/\" \/>\n<meta property=\"og:locale\" content=\"pl_PL\" \/>\n<meta property=\"og:locale:alternate\" content=\"de_DE\" \/>\n<meta property=\"og:type\" content=\"article\" \/>\n<meta property=\"og:title\" content=\"Zusatzoptionen\" \/>\n<meta property=\"og:description\" content=\"Unsere Wohnmobile sind reisefertig ausgestattet. Du kannst bei Bedarf optionale Zusatzausstattung buchen, um deinen Urlaub zu versch\u00f6nern.\" \/>\n<meta property=\"og:url\" content=\"https:\/\/www.van2go.travel\/pl\/fahrzeuge\/zusatzoptionen-wohnmobile-campervans\/\" \/>\n<meta property=\"og:site_name\" content=\"Van2Go - Das Microcamping Center in Singen am Bodensee\" \/>\n<meta property=\"article:publisher\" content=\"https:\/\/www.facebook.com\/van2go.travel\" \/>\n<meta property=\"article:modified_time\" content=\"2025-04-01T21:32:51+00:00\" \/>\n<meta property=\"og:image\" content=\"https:\/\/www.van2go.travel\/wp-content\/uploads\/2023\/09\/Z3666_3-1500x1500.jpg\" \/>\n<meta name=\"twitter:card\" content=\"summary_large_image\" \/>\n<meta name=\"twitter:label1\" content=\"Szacowany czas czytania\" \/>\n\t<meta name=\"twitter:data1\" content=\"6 minut\" \/>\n<script type=\"application\/ld+json\" class=\"yoast-schema-graph\">{\"@context\":\"https:\/\/schema.org\",\"@graph\":[{\"@type\":\"WebPage\",\"@id\":\"https:\/\/www.van2go.travel\/fahrzeuge\/zusatzoptionen-wohnmobile-campervans\/\",\"url\":\"https:\/\/www.van2go.travel\/fahrzeuge\/zusatzoptionen-wohnmobile-campervans\/\",\"name\":\"Zusatzoptionen\",\"isPartOf\":{\"@id\":\"https:\/\/www.van2go.travel\/#website\"},\"primaryImageOfPage\":{\"@id\":\"https:\/\/www.van2go.travel\/fahrzeuge\/zusatzoptionen-wohnmobile-campervans\/#primaryimage\"},\"image\":{\"@id\":\"https:\/\/www.van2go.travel\/fahrzeuge\/zusatzoptionen-wohnmobile-campervans\/#primaryimage\"},\"thumbnailUrl\":\"https:\/\/www.van2go.travel\/wp-content\/uploads\/2023\/09\/Z3666_3-1500x1500.jpg\",\"datePublished\":\"2021-12-26T12:46:15+00:00\",\"dateModified\":\"2025-04-01T21:32:51+00:00\",\"description\":\"Unsere Wohnmobile sind reisefertig ausgestattet. Du kannst bei Bedarf optionale Zusatzausstattung buchen, um deinen Urlaub zu versch\u00f6nern.\",\"breadcrumb\":{\"@id\":\"https:\/\/www.van2go.travel\/fahrzeuge\/zusatzoptionen-wohnmobile-campervans\/#breadcrumb\"},\"inLanguage\":\"pl-PL\",\"potentialAction\":[{\"@type\":\"ReadAction\",\"target\":[\"https:\/\/www.van2go.travel\/fahrzeuge\/zusatzoptionen-wohnmobile-campervans\/\"]}]},{\"@type\":\"ImageObject\",\"inLanguage\":\"pl-PL\",\"@id\":\"https:\/\/www.van2go.travel\/fahrzeuge\/zusatzoptionen-wohnmobile-campervans\/#primaryimage\",\"url\":\"https:\/\/www.van2go.travel\/wp-content\/uploads\/2023\/09\/Z3666_3-1500x1500.jpg\",\"contentUrl\":\"https:\/\/www.van2go.travel\/wp-content\/uploads\/2023\/09\/Z3666_3-1500x1500.jpg\"},{\"@type\":\"BreadcrumbList\",\"@id\":\"https:\/\/www.van2go.travel\/fahrzeuge\/zusatzoptionen-wohnmobile-campervans\/#breadcrumb\",\"itemListElement\":[{\"@type\":\"ListItem\",\"position\":1,\"name\":\"Startseite\",\"item\":\"https:\/\/www.van2go.travel\/\"},{\"@type\":\"ListItem\",\"position\":2,\"name\":\"Fahrzeuge\",\"item\":\"https:\/\/www.van2go.travel\/fahrzeuge\/\"},{\"@type\":\"ListItem\",\"position\":3,\"name\":\"Zusatzoptionen\"}]},{\"@type\":\"WebSite\",\"@id\":\"https:\/\/www.van2go.travel\/#website\",\"url\":\"https:\/\/www.van2go.travel\/\",\"name\":\"Van2Go - Das Microcamping Center in Singen am Bodensee\",\"description\":\"Autorisierter H\u00e4ndler des Travelers von squiq, der Nestbox von Ego\u00e9, qeedo Dachzelten, E-Bikes von VanMoof und der Aufbaubatterie Saftkiste. Wir haben die L\u00f6sung, um dein Auto in einen Camper zu verwandeln.\",\"publisher\":{\"@id\":\"https:\/\/www.van2go.travel\/#organization\"},\"potentialAction\":[{\"@type\":\"SearchAction\",\"target\":{\"@type\":\"EntryPoint\",\"urlTemplate\":\"https:\/\/www.van2go.travel\/?s={search_term_string}\"},\"query-input\":{\"@type\":\"PropertyValueSpecification\",\"valueRequired\":true,\"valueName\":\"search_term_string\"}}],\"inLanguage\":\"pl-PL\"},{\"@type\":\"Organization\",\"@id\":\"https:\/\/www.van2go.travel\/#organization\",\"name\":\"Van2Go\",\"url\":\"https:\/\/www.van2go.travel\/\",\"logo\":{\"@type\":\"ImageObject\",\"inLanguage\":\"pl-PL\",\"@id\":\"https:\/\/www.van2go.travel\/#\/schema\/logo\/image\/\",\"url\":\"https:\/\/www.van2go.travel\/wp-content\/uploads\/2021\/12\/Van2Go-Original-Logo_Schrift-rechts-gross.png\",\"contentUrl\":\"https:\/\/www.van2go.travel\/wp-content\/uploads\/2021\/12\/Van2Go-Original-Logo_Schrift-rechts-gross.png\",\"width\":2825,\"height\":1008,\"caption\":\"Van2Go\"},\"image\":{\"@id\":\"https:\/\/www.van2go.travel\/#\/schema\/logo\/image\/\"},\"sameAs\":[\"https:\/\/www.facebook.com\/van2go.travel\"]}]}<\/script>\n<!-- \/ Yoast SEO plugin. -->","yoast_head_json":{"title":"Zusatzoptionen","description":"Unsere Wohnmobile sind reisefertig ausgestattet. Du kannst bei Bedarf optionale Zusatzausstattung buchen, um deinen Urlaub zu versch\u00f6nern.","robots":{"index":"index","follow":"follow","max-snippet":"max-snippet:-1","max-image-preview":"max-image-preview:large","max-video-preview":"max-video-preview:-1"},"canonical":"https:\/\/www.van2go.travel\/pl\/fahrzeuge\/zusatzoptionen-wohnmobile-campervans\/","og_locale":"pl_PL","og_type":"article","og_title":"[:de]Zusatzoptionen[:] - Van2Go - Das Microcamping Center in Singen am Bodensee - Wohnmobile und Camper Vans mieten in Singen","og_description":"Unsere Wohnmobile sind reisefertig ausgestattet. Du kannst bei Bedarf optionale Zusatzausstattung buchen, um deinen Urlaub zu versch\u00f6nern.","og_url":"https:\/\/www.van2go.travel\/pl\/fahrzeuge\/zusatzoptionen-wohnmobile-campervans\/","og_site_name":"Van2Go - Das Microcamping Center in Singen am Bodensee","article_publisher":"https:\/\/www.facebook.com\/van2go.travel","article_modified_time":"2025-04-01T21:32:51+00:00","og_image":[{"url":"https:\/\/www.van2go.travel\/wp-content\/uploads\/2023\/09\/Z3666_3-1500x1500.jpg","type":"","width":"","height":""}],"twitter_card":"summary_large_image","twitter_misc":{"Szacowany czas czytania":"6 minut"},"schema":{"@context":"https:\/\/schema.org","@graph":[{"@type":"WebPage","@id":"https:\/\/www.van2go.travel\/fahrzeuge\/zusatzoptionen-wohnmobile-campervans\/","url":"https:\/\/www.van2go.travel\/fahrzeuge\/zusatzoptionen-wohnmobile-campervans\/","name":"Zusatzoptionen","isPartOf":{"@id":"https:\/\/www.van2go.travel\/#website"},"primaryImageOfPage":{"@id":"https:\/\/www.van2go.travel\/fahrzeuge\/zusatzoptionen-wohnmobile-campervans\/#primaryimage"},"image":{"@id":"https:\/\/www.van2go.travel\/fahrzeuge\/zusatzoptionen-wohnmobile-campervans\/#primaryimage"},"thumbnailUrl":"https:\/\/www.van2go.travel\/wp-content\/uploads\/2023\/09\/Z3666_3-1500x1500.jpg","datePublished":"2021-12-26T12:46:15+00:00","dateModified":"2025-04-01T21:32:51+00:00","description":"Unsere Wohnmobile sind reisefertig ausgestattet. Du kannst bei Bedarf optionale Zusatzausstattung buchen, um deinen Urlaub zu versch\u00f6nern.","breadcrumb":{"@id":"https:\/\/www.van2go.travel\/fahrzeuge\/zusatzoptionen-wohnmobile-campervans\/#breadcrumb"},"inLanguage":"pl-PL","potentialAction":[{"@type":"ReadAction","target":["https:\/\/www.van2go.travel\/fahrzeuge\/zusatzoptionen-wohnmobile-campervans\/"]}]},{"@type":"ImageObject","inLanguage":"pl-PL","@id":"https:\/\/www.van2go.travel\/fahrzeuge\/zusatzoptionen-wohnmobile-campervans\/#primaryimage","url":"https:\/\/www.van2go.travel\/wp-content\/uploads\/2023\/09\/Z3666_3-1500x1500.jpg","contentUrl":"https:\/\/www.van2go.travel\/wp-content\/uploads\/2023\/09\/Z3666_3-1500x1500.jpg"},{"@type":"BreadcrumbList","@id":"https:\/\/www.van2go.travel\/fahrzeuge\/zusatzoptionen-wohnmobile-campervans\/#breadcrumb","itemListElement":[{"@type":"ListItem","position":1,"name":"Startseite","item":"https:\/\/www.van2go.travel\/"},{"@type":"ListItem","position":2,"name":"Fahrzeuge","item":"https:\/\/www.van2go.travel\/fahrzeuge\/"},{"@type":"ListItem","position":3,"name":"Zusatzoptionen"}]},{"@type":"WebSite","@id":"https:\/\/www.van2go.travel\/#website","url":"https:\/\/www.van2go.travel\/","name":"Van2Go - Das Microcamping Center in Singen am Bodensee","description":"Autorisierter H\u00e4ndler des Travelers von squiq, der Nestbox von Ego\u00e9, qeedo Dachzelten, E-Bikes von VanMoof und der Aufbaubatterie Saftkiste. Wir haben die L\u00f6sung, um dein Auto in einen Camper zu verwandeln.","publisher":{"@id":"https:\/\/www.van2go.travel\/#organization"},"potentialAction":[{"@type":"SearchAction","target":{"@type":"EntryPoint","urlTemplate":"https:\/\/www.van2go.travel\/?s={search_term_string}"},"query-input":{"@type":"PropertyValueSpecification","valueRequired":true,"valueName":"search_term_string"}}],"inLanguage":"pl-PL"},{"@type":"Organization","@id":"https:\/\/www.van2go.travel\/#organization","name":"Van2Go","url":"https:\/\/www.van2go.travel\/","logo":{"@type":"ImageObject","inLanguage":"pl-PL","@id":"https:\/\/www.van2go.travel\/#\/schema\/logo\/image\/","url":"https:\/\/www.van2go.travel\/wp-content\/uploads\/2021\/12\/Van2Go-Original-Logo_Schrift-rechts-gross.png","contentUrl":"https:\/\/www.van2go.travel\/wp-content\/uploads\/2021\/12\/Van2Go-Original-Logo_Schrift-rechts-gross.png","width":2825,"height":1008,"caption":"Van2Go"},"image":{"@id":"https:\/\/www.van2go.travel\/#\/schema\/logo\/image\/"},"sameAs":["https:\/\/www.facebook.com\/van2go.travel"]}]}},"_links":{"self":[{"href":"https:\/\/www.van2go.travel\/pl\/wp-json\/wp\/v2\/pages\/1729","targetHints":{"allow":["GET"]}}],"collection":[{"href":"https:\/\/www.van2go.travel\/pl\/wp-json\/wp\/v2\/pages"}],"about":[{"href":"https:\/\/www.van2go.travel\/pl\/wp-json\/wp\/v2\/types\/page"}],"author":[{"embeddable":true,"href":"https:\/\/www.van2go.travel\/pl\/wp-json\/wp\/v2\/users\/1"}],"replies":[{"embeddable":true,"href":"https:\/\/www.van2go.travel\/pl\/wp-json\/wp\/v2\/comments?post=1729"}],"version-history":[{"count":10,"href":"https:\/\/www.van2go.travel\/pl\/wp-json\/wp\/v2\/pages\/1729\/revisions"}],"predecessor-version":[{"id":4579,"href":"https:\/\/www.van2go.travel\/pl\/wp-json\/wp\/v2\/pages\/1729\/revisions\/4579"}],"up":[{"embeddable":true,"href":"https:\/\/www.van2go.travel\/pl\/wp-json\/wp\/v2\/pages\/98"}],"wp:attachment":[{"href":"https:\/\/www.van2go.travel\/pl\/wp-json\/wp\/v2\/media?parent=1729"}],"curies":[{"name":"wp","href":"https:\/\/api.w.org\/{rel}","templated":true}]}}