{"id":4648,"date":"2025-05-21T20:22:52","date_gmt":"2025-05-21T18:22:52","guid":{"rendered":"https:\/\/www.van2go.travel\/?post_type=catalog&#038;p=4648"},"modified":"2025-05-22T14:48:55","modified_gmt":"2025-05-22T12:48:55","slug":"wohnmobil-oslo","status":"publish","type":"catalog","link":"https:\/\/www.van2go.travel\/pl\/catalog\/wohnmobil-oslo\/","title":{"rendered":"Wohnmobil Oslo"},"content":{"rendered":"\t\t<div data-elementor-type=\"wp-post\" data-elementor-id=\"4648\" class=\"elementor elementor-4648\">\n\t\t\t\t\t\t\t\t\t<section class=\"elementor-section elementor-top-section elementor-element elementor-element-90ff3c1 elementor-section-boxed elementor-section-height-default elementor-section-height-default wpr-particle-no wpr-jarallax-no wpr-parallax-no wpr-sticky-section-no\" data-id=\"90ff3c1\" data-element_type=\"section\">\n\t\t\t\t\t\t<div class=\"elementor-container elementor-column-gap-no\">\n\t\t\t\t\t<div class=\"elementor-column elementor-col-100 elementor-top-column elementor-element elementor-element-04f2b6a\" data-id=\"04f2b6a\" data-element_type=\"column\">\n\t\t\t<div class=\"elementor-widget-wrap elementor-element-populated\">\n\t\t\t\t\t\t\t\t<div class=\"elementor-element elementor-element-071b4f2 elementor-widget elementor-widget-text-editor\" data-id=\"071b4f2\" data-element_type=\"widget\" data-widget_type=\"text-editor.default\">\n\t\t\t\t<div class=\"elementor-widget-container\">\n\t\t\t\t\t\t\t<p style=\"font-size: 15px;\">Das kompakte Wohnmobil Oslo bietet viel Platz in einer kompakten Bauweise. Es bietet Platz f\u00fcr vier Personen w\u00e4hrend der Fahrt. In der Nacht k\u00f6nnen im Bett bis zu zwei Personen schlafen. Das elektrische Hubbett bietet Platz f\u00fcr zwei zus\u00e4tzliche Personen.<\/p><ul><li>Reisefertig ausgestattet &#8211; einfach einsteigen und losfahren<\/li><li>Unendlich viele Frei-Kilometer<\/li><li>Inkl. Camping-Ausstattung (Camping-Tisch und Camping-St\u00fchle)<\/li><li>Inkl. K\u00fcchen-Ausstattung (Essgeschirr, Tassen, Gl\u00e4ser, Kocht\u00f6pfe)<\/li><li>2 Isofix-Sitzpl\u00e4tze in der Dinette<\/li><li>Gasherd mit 3 Kochfeldern und elektrischer Piezo-Z\u00fcndung<\/li><li>Gro\u00dfer K\u00fchlschrank mit separatem Gefrierfach<\/li><li>Umfangreicher Versicherungsschutz<\/li><li>Mobilit\u00e4ts-Garantie<\/li><li>R\u00fcckfahrkamera mit Farbmonitor<\/li><li>Solarpanel<\/li><li>Fahrerhaus-Klimaanlage<\/li><li>Fernseher mit automatischer Satelliten-Anlage<\/li><li>Fahrradtr\u00e4ger\u00a0(f\u00fcr 4 Fahrr\u00e4der)<\/li><li>Markise<\/li><li>2 Gasflaschen\u00a0(eine volle und eine angebrochene)<\/li><li>Modernes Schwenkbad mit Waschbecken, WC und Dusche<\/li><li>Sehr gro\u00dfe Heckgarage<\/li><li>Service- und \u00dcbergabepauschale bereits inklusive<\/li><\/ul>\t\t\t\t\t\t<\/div>\n\t\t\t\t<\/div>\n\t\t\t\t\t<\/div>\n\t\t<\/div>\n\t\t\t\t\t\t\t<\/div>\n\t\t<\/section>\n\t\t\t\t<section class=\"elementor-section elementor-top-section elementor-element elementor-element-43b0a75 elementor-section-boxed elementor-section-height-default elementor-section-height-default wpr-particle-no wpr-jarallax-no wpr-parallax-no wpr-sticky-section-no\" data-id=\"43b0a75\" data-element_type=\"section\">\n\t\t\t\t\t\t<div class=\"elementor-container elementor-column-gap-default\">\n\t\t\t\t\t<div class=\"elementor-column elementor-col-100 elementor-top-column elementor-element elementor-element-8c6fec4\" data-id=\"8c6fec4\" data-element_type=\"column\">\n\t\t\t<div class=\"elementor-widget-wrap elementor-element-populated\">\n\t\t\t\t\t\t\t\t<div class=\"elementor-element elementor-element-6d97554 elementor-widget elementor-widget-heading\" data-id=\"6d97554\" data-element_type=\"widget\" data-widget_type=\"heading.default\">\n\t\t\t\t<div class=\"elementor-widget-container\">\n\t\t\t<h3 class=\"elementor-heading-title elementor-size-default\">Fahrzeugdetails<\/h3>\t\t<\/div>\n\t\t\t\t<\/div>\n\t\t\t\t<div class=\"elementor-element elementor-element-3d9b1bb elementor-widget elementor-widget-text-editor\" data-id=\"3d9b1bb\" data-element_type=\"widget\" data-widget_type=\"text-editor.default\">\n\t\t\t\t<div class=\"elementor-widget-container\">\n\t\t\t\t\t\t\t<ul><li>Leistung: 103 kW (140 PS)<\/li><li>L\u00e4nge: 6,96 m<\/li><li>Breite: 2,35 m<\/li><li>H\u00f6he: 2,95 m<\/li><li>Zul\u00e4ssiges Gesamtgewicht: 3.500 kg<\/li><\/ul>\t\t\t\t\t\t<\/div>\n\t\t\t\t<\/div>\n\t\t\t\t\t<\/div>\n\t\t<\/div>\n\t\t\t\t\t\t\t<\/div>\n\t\t<\/section>\n\t\t\t\t<section class=\"elementor-section elementor-top-section elementor-element elementor-element-bd75608 elementor-section-boxed elementor-section-height-default elementor-section-height-default wpr-particle-no wpr-jarallax-no wpr-parallax-no wpr-sticky-section-no\" data-id=\"bd75608\" data-element_type=\"section\">\n\t\t\t\t\t\t<div class=\"elementor-container elementor-column-gap-default\">\n\t\t\t\t\t<div class=\"elementor-column elementor-col-100 elementor-top-column elementor-element elementor-element-555c6fa\" data-id=\"555c6fa\" data-element_type=\"column\">\n\t\t\t<div class=\"elementor-widget-wrap elementor-element-populated\">\n\t\t\t\t\t\t\t\t<div class=\"elementor-element elementor-element-6c8dcb0 elementor-widget elementor-widget-heading\" data-id=\"6c8dcb0\" data-element_type=\"widget\" data-widget_type=\"heading.default\">\n\t\t\t\t<div class=\"elementor-widget-container\">\n\t\t\t<h3 class=\"elementor-heading-title elementor-size-default\">Hinzubuchbare Optionen<\/h3>\t\t<\/div>\n\t\t\t\t<\/div>\n\t\t\t\t<div class=\"elementor-element elementor-element-c30ffdf elementor-widget elementor-widget-text-editor\" data-id=\"c30ffdf\" data-element_type=\"widget\" data-widget_type=\"text-editor.default\">\n\t\t\t\t<div class=\"elementor-widget-container\">\n\t\t\t\t\t\t\t<p>Das Wohnmobil Oslo ist bereits schon reisefertig ausgestattet. Du brauchst also nur noch einsteigen und kannst direkt in deinen Urlaub starten. Um dir die Zeit im Wohnmobil Oslo noch sch\u00f6ner zu gestalten, kannst du einige Optionen hinzubuchen. Eine detaillierte Beschreibung dieser Optionen findest du unter dem folgenden Link:<\/p><p><a href=\"https:\/\/www.van2go.travel\/fahrzeuge\/zusatzoptionen-wohnmobile-campervans\/\" target=\"_blank\" rel=\"noopener\">Beschreibung der hinzubuchbaren Optionen<\/a><\/p>\t\t\t\t\t\t<\/div>\n\t\t\t\t<\/div>\n\t\t\t\t\t<\/div>\n\t\t<\/div>\n\t\t\t\t\t\t\t<\/div>\n\t\t<\/section>\n\t\t\t\t<section class=\"elementor-section elementor-top-section elementor-element elementor-element-7194464 elementor-section-boxed elementor-section-height-default elementor-section-height-default wpr-particle-no wpr-jarallax-no wpr-parallax-no wpr-sticky-section-no\" data-id=\"7194464\" data-element_type=\"section\">\n\t\t\t\t\t\t<div class=\"elementor-container elementor-column-gap-default\">\n\t\t\t\t\t<div class=\"elementor-column elementor-col-100 elementor-top-column elementor-element elementor-element-3bdabfb\" data-id=\"3bdabfb\" data-element_type=\"column\">\n\t\t\t<div class=\"elementor-widget-wrap elementor-element-populated\">\n\t\t\t\t\t\t\t\t<div class=\"elementor-element elementor-element-4616e61 elementor-widget elementor-widget-heading\" data-id=\"4616e61\" data-element_type=\"widget\" data-widget_type=\"heading.default\">\n\t\t\t\t<div class=\"elementor-widget-container\">\n\t\t\t<h3 class=\"elementor-heading-title elementor-size-default\">Saisons und Preise<\/h3>\t\t<\/div>\n\t\t\t\t<\/div>\n\t\t\t\t<div class=\"elementor-element elementor-element-0ecd76e elementor-widget elementor-widget-text-editor\" data-id=\"0ecd76e\" data-element_type=\"widget\" data-widget_type=\"text-editor.default\">\n\t\t\t\t<div class=\"elementor-widget-container\">\n\t\t\t\t\t\t\t<p>Der Preis f\u00fcr die Miete des Wohnmobils Oslo staffelt sich nach der Saison, in der du es mieten m\u00f6chtest:<\/p>\n<p>Saison C: 109,- \u20ac pro Nacht<br>Saison B: 135,- \u20ac pro Nacht<br>Saison A: 149,- \u20ac pro Nacht<\/p>\n<p>Die Saisons umfassen folgende Monate:<\/p>\n<p>Saison C: Januar, Februar, Dezember<br>Saison B: M\u00e4rz, April, Mai, Oktober, November<br>Saison A:&nbsp;<span style=\"color: var(--text-color);\">Juni,<\/span><span style=\"color: var(--text-color);\">&nbsp;<\/span><span style=\"font-size: inherit; color: var(--text-color);\">Juli, August, September<\/span><\/p>\n<p>Zu den Mietpreisen pro Nacht kommen keine weiteren Kosten hinzu. Bei uns findest du keine weiteren Geb\u00fchren oder versteckte Kosten. Das Wohnmobil Oslo ist bereits reisefertig ausgestattet. Das bedeutet, dass du nur noch dein Bettzeug und deinen Kulturbeutel selbst mitbringen musst. Alles f\u00fcr einen Campingurlaub Notwendige befindet sich bereits an Bord des Fahrzeugs.<\/p>\t\t\t\t\t\t<\/div>\n\t\t\t\t<\/div>\n\t\t\t\t\t<\/div>\n\t\t<\/div>\n\t\t\t\t\t\t\t<\/div>\n\t\t<\/section>\n\t\t\t\t\t\t\t<\/div>\n\t\t","protected":false},"excerpt":{"rendered":"<p>Das Wohnmobil Oslo ist das kompakte Reisemobil f\u00fcr die gesamte Familie.<\/p>\n","protected":false},"author":1,"featured_media":4668,"menu_order":1,"template":"","class_list":["post-4648","catalog","type-catalog","status-publish","has-post-thumbnail","hentry","vehicle_type-luxus-camping","extra_option-campingtisch","extra_option-campingstuehle","extra_option-relax-campingstuhl","extra_option-kuechenset","extra_option-winterpaket","extra_option-fahrradtraeger-4-fahrraeder","extra_option-kilometer-flatrate","extra_option-kautionsreduktion","extra_option-grundreinigung-wohnmobil","extra_option-gps-navigation","extra_option-haustiermitnahme","extra_option-early-check-in","extra_option-late-check-out"],"yoast_head":"<!-- This site is optimized with the Yoast SEO plugin v26.6 - https:\/\/yoast.com\/wordpress\/plugins\/seo\/ -->\n<title>Wohnmobil Oslo - Van2Go<\/title>\n<meta name=\"description\" content=\"Das Wohnmobil Oslo ist ein Raumwunder - so kompakt und doch so viel Platz. Perfekt f\u00fcr einen tollen Urlaub mit der gesamten Familie.\" \/>\n<meta name=\"robots\" content=\"index, follow, max-snippet:-1, max-image-preview:large, max-video-preview:-1\" \/>\n<link rel=\"canonical\" href=\"https:\/\/www.van2go.travel\/pl\/catalog\/wohnmobil-oslo\/\" \/>\n<meta property=\"og:locale\" content=\"pl_PL\" \/>\n<meta property=\"og:locale:alternate\" content=\"de_DE\" \/>\n<meta property=\"og:type\" content=\"article\" \/>\n<meta property=\"og:title\" content=\"Wohnmobil Oslo - Van2Go\" \/>\n<meta property=\"og:description\" content=\"Das Wohnmobil Oslo ist ein Raumwunder - so kompakt und doch so viel Platz. Perfekt f\u00fcr einen tollen Urlaub mit der gesamten Familie.\" \/>\n<meta property=\"og:url\" content=\"https:\/\/www.van2go.travel\/pl\/catalog\/wohnmobil-oslo\/\" \/>\n<meta property=\"og:site_name\" content=\"Van2Go\" \/>\n<meta property=\"article:publisher\" content=\"https:\/\/www.facebook.com\/van2go.travel\" \/>\n<meta property=\"article:modified_time\" content=\"2025-05-22T12:48:55+00:00\" \/>\n<meta property=\"og:image\" content=\"https:\/\/www.van2go.travel\/wp-content\/uploads\/2025\/05\/t6900sb_x3a2086.jpg\" \/>\n\t<meta property=\"og:image:width\" content=\"900\" \/>\n\t<meta property=\"og:image:height\" content=\"563\" \/>\n\t<meta property=\"og:image:type\" content=\"image\/jpeg\" \/>\n<meta name=\"twitter:card\" content=\"summary_large_image\" \/>\n<meta name=\"twitter:label1\" content=\"Szacowany czas czytania\" \/>\n\t<meta name=\"twitter:data1\" content=\"2 minuty\" \/>\n<script type=\"application\/ld+json\" class=\"yoast-schema-graph\">{\"@context\":\"https:\/\/schema.org\",\"@graph\":[{\"@type\":\"WebPage\",\"@id\":\"https:\/\/www.van2go.travel\/catalog\/wohnmobil-oslo\/\",\"url\":\"https:\/\/www.van2go.travel\/catalog\/wohnmobil-oslo\/\",\"name\":\"Wohnmobil Oslo - Van2Go\",\"isPartOf\":{\"@id\":\"https:\/\/www.van2go.travel\/#website\"},\"primaryImageOfPage\":{\"@id\":\"https:\/\/www.van2go.travel\/catalog\/wohnmobil-oslo\/#primaryimage\"},\"image\":{\"@id\":\"https:\/\/www.van2go.travel\/catalog\/wohnmobil-oslo\/#primaryimage\"},\"thumbnailUrl\":\"https:\/\/www.van2go.travel\/wp-content\/uploads\/2025\/05\/t6900sb_x3a2086.jpg\",\"datePublished\":\"2025-05-21T18:22:52+00:00\",\"dateModified\":\"2025-05-22T12:48:55+00:00\",\"description\":\"Das Wohnmobil Oslo ist ein Raumwunder - so kompakt und doch so viel Platz. Perfekt f\u00fcr einen tollen Urlaub mit der gesamten Familie.\",\"breadcrumb\":{\"@id\":\"https:\/\/www.van2go.travel\/catalog\/wohnmobil-oslo\/#breadcrumb\"},\"inLanguage\":\"pl-PL\",\"potentialAction\":[{\"@type\":\"ReadAction\",\"target\":[\"https:\/\/www.van2go.travel\/catalog\/wohnmobil-oslo\/\"]}]},{\"@type\":\"ImageObject\",\"inLanguage\":\"pl-PL\",\"@id\":\"https:\/\/www.van2go.travel\/catalog\/wohnmobil-oslo\/#primaryimage\",\"url\":\"https:\/\/www.van2go.travel\/wp-content\/uploads\/2025\/05\/t6900sb_x3a2086.jpg\",\"contentUrl\":\"https:\/\/www.van2go.travel\/wp-content\/uploads\/2025\/05\/t6900sb_x3a2086.jpg\",\"width\":900,\"height\":563,\"caption\":\"Wohnmobil Oslo\"},{\"@type\":\"BreadcrumbList\",\"@id\":\"https:\/\/www.van2go.travel\/catalog\/wohnmobil-oslo\/#breadcrumb\",\"itemListElement\":[{\"@type\":\"ListItem\",\"position\":1,\"name\":\"Startseite\",\"item\":\"https:\/\/www.van2go.travel\/\"},{\"@type\":\"ListItem\",\"position\":2,\"name\":\"Catalog\",\"item\":\"https:\/\/www.van2go.travel\/catalog\/\"},{\"@type\":\"ListItem\",\"position\":3,\"name\":\"Wohnmobil Oslo\"}]},{\"@type\":\"WebSite\",\"@id\":\"https:\/\/www.van2go.travel\/#website\",\"url\":\"https:\/\/www.van2go.travel\/\",\"name\":\"Van2Go\",\"description\":\"Camper Vans und Wohnmobile mieten in Singen am Bodensee\",\"publisher\":{\"@id\":\"https:\/\/www.van2go.travel\/#organization\"},\"potentialAction\":[{\"@type\":\"SearchAction\",\"target\":{\"@type\":\"EntryPoint\",\"urlTemplate\":\"https:\/\/www.van2go.travel\/?s={search_term_string}\"},\"query-input\":{\"@type\":\"PropertyValueSpecification\",\"valueRequired\":true,\"valueName\":\"search_term_string\"}}],\"inLanguage\":\"pl-PL\"},{\"@type\":\"Organization\",\"@id\":\"https:\/\/www.van2go.travel\/#organization\",\"name\":\"Van2Go\",\"url\":\"https:\/\/www.van2go.travel\/\",\"logo\":{\"@type\":\"ImageObject\",\"inLanguage\":\"pl-PL\",\"@id\":\"https:\/\/www.van2go.travel\/#\/schema\/logo\/image\/\",\"url\":\"https:\/\/www.van2go.travel\/wp-content\/uploads\/2021\/12\/Van2Go-Original-Logo_Schrift-rechts-gross.png\",\"contentUrl\":\"https:\/\/www.van2go.travel\/wp-content\/uploads\/2021\/12\/Van2Go-Original-Logo_Schrift-rechts-gross.png\",\"width\":2825,\"height\":1008,\"caption\":\"Van2Go\"},\"image\":{\"@id\":\"https:\/\/www.van2go.travel\/#\/schema\/logo\/image\/\"},\"sameAs\":[\"https:\/\/www.facebook.com\/van2go.travel\"]}]}<\/script>\n<!-- \/ Yoast SEO plugin. -->","yoast_head_json":{"title":"Wohnmobil Oslo - Van2Go","description":"Das Wohnmobil Oslo ist ein Raumwunder - so kompakt und doch so viel Platz. Perfekt f\u00fcr einen tollen Urlaub mit der gesamten Familie.","robots":{"index":"index","follow":"follow","max-snippet":"max-snippet:-1","max-image-preview":"max-image-preview:large","max-video-preview":"max-video-preview:-1"},"canonical":"https:\/\/www.van2go.travel\/pl\/catalog\/wohnmobil-oslo\/","og_locale":"pl_PL","og_type":"article","og_title":"Wohnmobil Oslo - Van2Go","og_description":"Das Wohnmobil Oslo ist ein Raumwunder - so kompakt und doch so viel Platz. Perfekt f\u00fcr einen tollen Urlaub mit der gesamten Familie.","og_url":"https:\/\/www.van2go.travel\/pl\/catalog\/wohnmobil-oslo\/","og_site_name":"Van2Go","article_publisher":"https:\/\/www.facebook.com\/van2go.travel","article_modified_time":"2025-05-22T12:48:55+00:00","og_image":[{"width":900,"height":563,"url":"https:\/\/www.van2go.travel\/wp-content\/uploads\/2025\/05\/t6900sb_x3a2086.jpg","type":"image\/jpeg"}],"twitter_card":"summary_large_image","twitter_misc":{"Szacowany czas czytania":"2 minuty"},"schema":{"@context":"https:\/\/schema.org","@graph":[{"@type":"WebPage","@id":"https:\/\/www.van2go.travel\/catalog\/wohnmobil-oslo\/","url":"https:\/\/www.van2go.travel\/catalog\/wohnmobil-oslo\/","name":"Wohnmobil Oslo - Van2Go","isPartOf":{"@id":"https:\/\/www.van2go.travel\/#website"},"primaryImageOfPage":{"@id":"https:\/\/www.van2go.travel\/catalog\/wohnmobil-oslo\/#primaryimage"},"image":{"@id":"https:\/\/www.van2go.travel\/catalog\/wohnmobil-oslo\/#primaryimage"},"thumbnailUrl":"https:\/\/www.van2go.travel\/wp-content\/uploads\/2025\/05\/t6900sb_x3a2086.jpg","datePublished":"2025-05-21T18:22:52+00:00","dateModified":"2025-05-22T12:48:55+00:00","description":"Das Wohnmobil Oslo ist ein Raumwunder - so kompakt und doch so viel Platz. Perfekt f\u00fcr einen tollen Urlaub mit der gesamten Familie.","breadcrumb":{"@id":"https:\/\/www.van2go.travel\/catalog\/wohnmobil-oslo\/#breadcrumb"},"inLanguage":"pl-PL","potentialAction":[{"@type":"ReadAction","target":["https:\/\/www.van2go.travel\/catalog\/wohnmobil-oslo\/"]}]},{"@type":"ImageObject","inLanguage":"pl-PL","@id":"https:\/\/www.van2go.travel\/catalog\/wohnmobil-oslo\/#primaryimage","url":"https:\/\/www.van2go.travel\/wp-content\/uploads\/2025\/05\/t6900sb_x3a2086.jpg","contentUrl":"https:\/\/www.van2go.travel\/wp-content\/uploads\/2025\/05\/t6900sb_x3a2086.jpg","width":900,"height":563,"caption":"Wohnmobil Oslo"},{"@type":"BreadcrumbList","@id":"https:\/\/www.van2go.travel\/catalog\/wohnmobil-oslo\/#breadcrumb","itemListElement":[{"@type":"ListItem","position":1,"name":"Startseite","item":"https:\/\/www.van2go.travel\/"},{"@type":"ListItem","position":2,"name":"Catalog","item":"https:\/\/www.van2go.travel\/catalog\/"},{"@type":"ListItem","position":3,"name":"Wohnmobil Oslo"}]},{"@type":"WebSite","@id":"https:\/\/www.van2go.travel\/#website","url":"https:\/\/www.van2go.travel\/","name":"Van2Go","description":"Camper Vans und Wohnmobile mieten in Singen am Bodensee","publisher":{"@id":"https:\/\/www.van2go.travel\/#organization"},"potentialAction":[{"@type":"SearchAction","target":{"@type":"EntryPoint","urlTemplate":"https:\/\/www.van2go.travel\/?s={search_term_string}"},"query-input":{"@type":"PropertyValueSpecification","valueRequired":true,"valueName":"search_term_string"}}],"inLanguage":"pl-PL"},{"@type":"Organization","@id":"https:\/\/www.van2go.travel\/#organization","name":"Van2Go","url":"https:\/\/www.van2go.travel\/","logo":{"@type":"ImageObject","inLanguage":"pl-PL","@id":"https:\/\/www.van2go.travel\/#\/schema\/logo\/image\/","url":"https:\/\/www.van2go.travel\/wp-content\/uploads\/2021\/12\/Van2Go-Original-Logo_Schrift-rechts-gross.png","contentUrl":"https:\/\/www.van2go.travel\/wp-content\/uploads\/2021\/12\/Van2Go-Original-Logo_Schrift-rechts-gross.png","width":2825,"height":1008,"caption":"Van2Go"},"image":{"@id":"https:\/\/www.van2go.travel\/#\/schema\/logo\/image\/"},"sameAs":["https:\/\/www.facebook.com\/van2go.travel"]}]}},"_links":{"self":[{"href":"https:\/\/www.van2go.travel\/pl\/wp-json\/wp\/v2\/catalog\/4648","targetHints":{"allow":["GET"]}}],"collection":[{"href":"https:\/\/www.van2go.travel\/pl\/wp-json\/wp\/v2\/catalog"}],"about":[{"href":"https:\/\/www.van2go.travel\/pl\/wp-json\/wp\/v2\/types\/catalog"}],"author":[{"embeddable":true,"href":"https:\/\/www.van2go.travel\/pl\/wp-json\/wp\/v2\/users\/1"}],"version-history":[{"count":10,"href":"https:\/\/www.van2go.travel\/pl\/wp-json\/wp\/v2\/catalog\/4648\/revisions"}],"predecessor-version":[{"id":4673,"href":"https:\/\/www.van2go.travel\/pl\/wp-json\/wp\/v2\/catalog\/4648\/revisions\/4673"}],"wp:featuredmedia":[{"embeddable":true,"href":"https:\/\/www.van2go.travel\/pl\/wp-json\/wp\/v2\/media\/4668"}],"wp:attachment":[{"href":"https:\/\/www.van2go.travel\/pl\/wp-json\/wp\/v2\/media?parent=4648"}],"curies":[{"name":"wp","href":"https:\/\/api.w.org\/{rel}","templated":true}]}}