{"id":253,"date":"2019-07-09T13:08:11","date_gmt":"2019-07-09T11:08:11","guid":{"rendered":"https:\/\/parkofideas.com\/aucapina\/demo\/catalog\/motorhome-class-a-copy\/"},"modified":"2024-09-27T19:57:54","modified_gmt":"2024-09-27T17:57:54","slug":"camper-van-london","status":"publish","type":"catalog","link":"https:\/\/www.van2go.travel\/pl\/catalog\/camper-van-london\/","title":{"rendered":"Camper Van London"},"content":{"rendered":"\t\t<div data-elementor-type=\"wp-post\" data-elementor-id=\"253\" class=\"elementor elementor-253\">\n\t\t\t\t\t\t\t\t\t<section class=\"elementor-section elementor-top-section elementor-element elementor-element-3d2e6f5 elementor-section-boxed elementor-section-height-default elementor-section-height-default wpr-particle-no wpr-jarallax-no wpr-parallax-no wpr-sticky-section-no\" data-id=\"3d2e6f5\" data-element_type=\"section\">\n\t\t\t\t\t\t<div class=\"elementor-container elementor-column-gap-no\">\n\t\t\t\t\t<div class=\"elementor-column elementor-col-100 elementor-top-column elementor-element elementor-element-14784e77\" data-id=\"14784e77\" data-element_type=\"column\">\n\t\t\t<div class=\"elementor-widget-wrap elementor-element-populated\">\n\t\t\t\t\t\t\t\t<div class=\"elementor-element elementor-element-74037127 elementor-widget elementor-widget-text-editor\" data-id=\"74037127\" data-element_type=\"widget\" data-widget_type=\"text-editor.default\">\n\t\t\t\t<div class=\"elementor-widget-container\">\n\t\t\t\t\t\t\t<p>Der wendige und kompakte Camper mit Platz f\u00fcr vier Reisende und einer gem\u00fctlichen Liegefl\u00e4che f\u00fcr zwei.<\/p><ul><li>Reisefertig ausgestattet &#8211; einfach einsteigen und losfahren<\/li><li>Unendlich viele Frei-Kilometer<\/li><li>Inkl. Camping-Ausstattung (Camping-Tisch und Camping-St\u00fchle)<\/li><li>Inkl. K\u00fcchen-Ausstattung (Essgeschirr, Tassen, Gl\u00e4ser, Kocht\u00f6pfe)<\/li><li>Gasherd mit 2 Kochfeldern und elektrischer Piezo-Z\u00fcndung<\/li><li>K\u00fchlschrank mit separatem Gefrierfach<\/li><li>Umfangreicher Versicherungsschutz<\/li><li>Mobilit\u00e4ts-Garantie<\/li><li>R\u00fcckfahrkamera und Farbmonitor<\/li><li>Solarpanel<\/li><li>Multimedia-System mit Unterst\u00fctzung f\u00fcr Android Auto und Apple Carplay<\/li><li>Fahrerhaus-Klimaanlage<\/li><li>Fahrradtr\u00e4ger (f\u00fcr 2 Fahrr\u00e4der)<\/li><li>Markise<\/li><li>2 Gasflaschen (eine volle und eine angebrochene)<\/li><li>Dusche und WC<\/li><li>Service- und \u00dcbergabepauschale bereits inklusive<\/li><\/ul>\t\t\t\t\t\t<\/div>\n\t\t\t\t<\/div>\n\t\t\t\t\t<\/div>\n\t\t<\/div>\n\t\t\t\t\t\t\t<\/div>\n\t\t<\/section>\n\t\t\t\t<section class=\"elementor-section elementor-top-section elementor-element elementor-element-8a3fa6e elementor-section-boxed elementor-section-height-default elementor-section-height-default wpr-particle-no wpr-jarallax-no wpr-parallax-no wpr-sticky-section-no\" data-id=\"8a3fa6e\" data-element_type=\"section\">\n\t\t\t\t\t\t<div class=\"elementor-container elementor-column-gap-default\">\n\t\t\t\t\t<div class=\"elementor-column elementor-col-100 elementor-top-column elementor-element elementor-element-292e806\" data-id=\"292e806\" data-element_type=\"column\">\n\t\t\t<div class=\"elementor-widget-wrap elementor-element-populated\">\n\t\t\t\t\t\t\t\t<div class=\"elementor-element elementor-element-f817a2b elementor-widget elementor-widget-heading\" data-id=\"f817a2b\" data-element_type=\"widget\" data-widget_type=\"heading.default\">\n\t\t\t\t<div class=\"elementor-widget-container\">\n\t\t\t<h3 class=\"elementor-heading-title elementor-size-default\">Fahrzeugdetails<\/h3>\t\t<\/div>\n\t\t\t\t<\/div>\n\t\t\t\t<div class=\"elementor-element elementor-element-b955523 elementor-widget elementor-widget-text-editor\" data-id=\"b955523\" data-element_type=\"widget\" data-widget_type=\"text-editor.default\">\n\t\t\t\t<div class=\"elementor-widget-container\">\n\t\t\t\t\t\t\t<ul>\n<li>Leistung: 107 kW (145 PS)<\/li>\n<li>L\u00e4nge: 6,82 m<\/li>\n<li>Breite: 2,14 m<\/li>\n<li>H\u00f6he: 2,71 m<\/li>\n<li>Zul\u00e4ssiges Gesamtgewicht: 3.500 kg<\/li>\n<\/ul>\t\t\t\t\t\t<\/div>\n\t\t\t\t<\/div>\n\t\t\t\t\t<\/div>\n\t\t<\/div>\n\t\t\t\t\t\t\t<\/div>\n\t\t<\/section>\n\t\t\t\t<section class=\"elementor-section elementor-top-section elementor-element elementor-element-7a222db elementor-section-boxed elementor-section-height-default elementor-section-height-default wpr-particle-no wpr-jarallax-no wpr-parallax-no wpr-sticky-section-no\" data-id=\"7a222db\" data-element_type=\"section\">\n\t\t\t\t\t\t<div class=\"elementor-container elementor-column-gap-default\">\n\t\t\t\t\t<div class=\"elementor-column elementor-col-100 elementor-top-column elementor-element elementor-element-c2e2a33\" data-id=\"c2e2a33\" data-element_type=\"column\">\n\t\t\t<div class=\"elementor-widget-wrap elementor-element-populated\">\n\t\t\t\t\t\t\t\t<div class=\"elementor-element elementor-element-09b3777 elementor-widget elementor-widget-heading\" data-id=\"09b3777\" data-element_type=\"widget\" data-widget_type=\"heading.default\">\n\t\t\t\t<div class=\"elementor-widget-container\">\n\t\t\t<h3 class=\"elementor-heading-title elementor-size-default\">Hinzubuchbare Optionen<\/h3>\t\t<\/div>\n\t\t\t\t<\/div>\n\t\t\t\t<div class=\"elementor-element elementor-element-927fc85 elementor-widget elementor-widget-text-editor\" data-id=\"927fc85\" data-element_type=\"widget\" data-widget_type=\"text-editor.default\">\n\t\t\t\t<div class=\"elementor-widget-container\">\n\t\t\t\t\t\t\t<p style=\"font-size: 15px;\">Der Camper Van London ist bereits schon reisefertig ausgestattet. Du brauchst also nur noch einsteigen und kannst direkt in deinen Urlaub starten. Um dir die Zeit im Camper Van London noch sch\u00f6ner zu gestalten, kannst du einige Optionen hinzubuchen. Eine detaillierte Beschreibung dieser Optionen findest du unter dem folgenden Link:<\/p><p style=\"font-size: 15px;\"><a href=\"https:\/\/www.van2go.travel\/fahrzeuge\/zusatzoptionen-wohnmobile-campervans\/\" target=\"_blank\" rel=\"noopener\">Beschreibung der hinzubuchbaren Zusatzoptionen<\/a><\/p>\t\t\t\t\t\t<\/div>\n\t\t\t\t<\/div>\n\t\t\t\t\t<\/div>\n\t\t<\/div>\n\t\t\t\t\t\t\t<\/div>\n\t\t<\/section>\n\t\t\t\t<section class=\"elementor-section elementor-top-section elementor-element elementor-element-72897ea elementor-section-boxed elementor-section-height-default elementor-section-height-default wpr-particle-no wpr-jarallax-no wpr-parallax-no wpr-sticky-section-no\" data-id=\"72897ea\" data-element_type=\"section\">\n\t\t\t\t\t\t<div class=\"elementor-container elementor-column-gap-default\">\n\t\t\t\t\t<div class=\"elementor-column elementor-col-100 elementor-top-column elementor-element elementor-element-4e57606\" data-id=\"4e57606\" data-element_type=\"column\">\n\t\t\t<div class=\"elementor-widget-wrap elementor-element-populated\">\n\t\t\t\t\t\t\t\t<div class=\"elementor-element elementor-element-85ce103 elementor-widget elementor-widget-heading\" data-id=\"85ce103\" data-element_type=\"widget\" data-widget_type=\"heading.default\">\n\t\t\t\t<div class=\"elementor-widget-container\">\n\t\t\t<h3 class=\"elementor-heading-title elementor-size-default\">Saisons und Preise<\/h3>\t\t<\/div>\n\t\t\t\t<\/div>\n\t\t\t\t<div class=\"elementor-element elementor-element-deffc16 elementor-widget elementor-widget-text-editor\" data-id=\"deffc16\" data-element_type=\"widget\" data-widget_type=\"text-editor.default\">\n\t\t\t\t<div class=\"elementor-widget-container\">\n\t\t\t\t\t\t\t<p>Der Preis f\u00fcr die Miete des Camper London staffelt sich nach der Saison, in der du ihn mieten m\u00f6chtest:<\/p>\n<p>Saison C: 105,- \u20ac pro Nacht<br>Saison B: 125,- \u20ac pro Nacht<br>Saison A: 139,- \u20ac pro Nacht<\/p>\n<p>Die Saisons umfassen folgende Monate:<\/p>\n<p>Saison C: Januar, Februar, Dezember<br>Saison B: M\u00e4rz, April, Mai, Oktober, November<br>Saison A:&nbsp;<span style=\"color: var(--text-color);\">Juni,<\/span><span style=\"color: var(--text-color);\">&nbsp;<\/span><span style=\"font-size: inherit; color: var(--text-color);\">Juli, August, September<\/span><\/p>\n<p>Zu den Mietpreisen pro Nacht kommen keine weiteren Kosten hinzu. Bei uns findest du keine weiteren Geb\u00fchren oder versteckte Kosten. Der Camper Van London ist bereits reisefertig ausgestattet. Das bedeutet, dass du nur noch dein Bettzeug und deinen Kulturbeutel selbst mitbringen musst. Alles f\u00fcr einen Campingurlaub Notwendige befindet sich bereits an Bord des Fahrzeugs.<\/p>\t\t\t\t\t\t<\/div>\n\t\t\t\t<\/div>\n\t\t\t\t\t<\/div>\n\t\t<\/div>\n\t\t\t\t\t\t\t<\/div>\n\t\t<\/section>\n\t\t\t\t<section class=\"elementor-section elementor-top-section elementor-element elementor-element-76f73dc elementor-section-boxed elementor-section-height-default elementor-section-height-default wpr-particle-no wpr-jarallax-no wpr-parallax-no wpr-sticky-section-no\" data-id=\"76f73dc\" data-element_type=\"section\">\n\t\t\t\t\t\t<div class=\"elementor-container elementor-column-gap-default\">\n\t\t\t\t\t<div class=\"elementor-column elementor-col-100 elementor-top-column elementor-element elementor-element-9f58358\" data-id=\"9f58358\" data-element_type=\"column\">\n\t\t\t<div class=\"elementor-widget-wrap elementor-element-populated\">\n\t\t\t\t\t\t\t\t<div class=\"elementor-element elementor-element-dc749d7 elementor-widget elementor-widget-text-editor\" data-id=\"dc749d7\" data-element_type=\"widget\" data-widget_type=\"text-editor.default\">\n\t\t\t\t<div class=\"elementor-widget-container\">\n\t\t\t\t\t\t\t<p>Mehr Bilder in K\u00fcrze<\/p>\n<p>Bilder Quelle:&nbsp;&nbsp;https:\/\/www.etrusco.com\/de\/<\/p>\t\t\t\t\t\t<\/div>\n\t\t\t\t<\/div>\n\t\t\t\t\t<\/div>\n\t\t<\/div>\n\t\t\t\t\t\t\t<\/div>\n\t\t<\/section>\n\t\t\t\t\t\t\t<\/div>\n\t\t","protected":false},"excerpt":{"rendered":"<p>Ein kompakter und wendiger Camper Van &#8211; perfekt f\u00fcr einen St\u00e4dte-Trip.<\/p>\n","protected":false},"author":1,"featured_media":3404,"menu_order":8,"template":"","class_list":["post-253","catalog","type-catalog","status-publish","has-post-thumbnail","hentry","vehicle_type-camper-van","extra_option-campingtisch","extra_option-campingstuehle","extra_option-relax-campingstuhl","extra_option-kuechenset","extra_option-winterpaket","extra_option-fahrradtraeger-2-fahrraeder","extra_option-kilometer-flatrate","extra_option-kautionsreduktion","extra_option-grundreinigung-camper-van","extra_option-gps-navigation","extra_option-haustiermitnahme","extra_option-early-check-in","extra_option-late-check-out"],"yoast_head":"<!-- This site is optimized with the Yoast SEO plugin v26.6 - https:\/\/yoast.com\/wordpress\/plugins\/seo\/ -->\n<title>Camper Van London - Mieten in Singen am Bodensee<\/title>\n<meta name=\"description\" content=\"Der Camper Van London ist der ideale Begleiter f\u00fcr eine St\u00e4dtereise. Miete dieses Wohnmobil in Singen am Bodensee.\" \/>\n<meta name=\"robots\" content=\"index, follow, max-snippet:-1, max-image-preview:large, max-video-preview:-1\" \/>\n<link rel=\"canonical\" href=\"https:\/\/www.van2go.travel\/pl\/catalog\/camper-van-london\/\" \/>\n<meta property=\"og:locale\" content=\"pl_PL\" \/>\n<meta property=\"og:locale:alternate\" content=\"de_DE\" \/>\n<meta property=\"og:type\" content=\"article\" \/>\n<meta property=\"og:title\" content=\"Camper Van London - Mieten in Singen am Bodensee\" \/>\n<meta property=\"og:description\" content=\"Der Camper Van London ist der ideale Begleiter f\u00fcr eine St\u00e4dtereise. Miete dieses Wohnmobil in Singen am Bodensee.\" \/>\n<meta property=\"og:url\" content=\"https:\/\/www.van2go.travel\/pl\/catalog\/camper-van-london\/\" \/>\n<meta property=\"og:site_name\" content=\"Van2Go - Das Microcamping Center in Singen am Bodensee\" \/>\n<meta property=\"article:publisher\" content=\"https:\/\/www.facebook.com\/van2go.travel\" \/>\n<meta property=\"article:modified_time\" content=\"2024-09-27T17:57:54+00:00\" \/>\n<meta property=\"og:image\" content=\"https:\/\/www.van2go.travel\/wp-content\/uploads\/2019\/07\/Etrusco-V5.9-DR-2.jpg\" \/>\n\t<meta property=\"og:image:width\" content=\"1090\" \/>\n\t<meta property=\"og:image:height\" content=\"1140\" \/>\n\t<meta property=\"og:image:type\" content=\"image\/jpeg\" \/>\n<meta name=\"twitter:card\" content=\"summary_large_image\" \/>\n<meta name=\"twitter:label1\" content=\"Szacowany czas czytania\" \/>\n\t<meta name=\"twitter:data1\" content=\"2 minuty\" \/>\n<script type=\"application\/ld+json\" class=\"yoast-schema-graph\">{\"@context\":\"https:\/\/schema.org\",\"@graph\":[{\"@type\":\"WebPage\",\"@id\":\"https:\/\/www.van2go.travel\/catalog\/camper-van-london\/\",\"url\":\"https:\/\/www.van2go.travel\/catalog\/camper-van-london\/\",\"name\":\"Camper Van London - Mieten in Singen am Bodensee\",\"isPartOf\":{\"@id\":\"https:\/\/www.van2go.travel\/#website\"},\"primaryImageOfPage\":{\"@id\":\"https:\/\/www.van2go.travel\/catalog\/camper-van-london\/#primaryimage\"},\"image\":{\"@id\":\"https:\/\/www.van2go.travel\/catalog\/camper-van-london\/#primaryimage\"},\"thumbnailUrl\":\"https:\/\/www.van2go.travel\/wp-content\/uploads\/2019\/07\/Etrusco-V5.9-DR-2.jpg\",\"datePublished\":\"2019-07-09T11:08:11+00:00\",\"dateModified\":\"2024-09-27T17:57:54+00:00\",\"description\":\"Der Camper Van London ist der ideale Begleiter f\u00fcr eine St\u00e4dtereise. Miete dieses Wohnmobil in Singen am Bodensee.\",\"breadcrumb\":{\"@id\":\"https:\/\/www.van2go.travel\/catalog\/camper-van-london\/#breadcrumb\"},\"inLanguage\":\"pl-PL\",\"potentialAction\":[{\"@type\":\"ReadAction\",\"target\":[\"https:\/\/www.van2go.travel\/catalog\/camper-van-london\/\"]}]},{\"@type\":\"ImageObject\",\"inLanguage\":\"pl-PL\",\"@id\":\"https:\/\/www.van2go.travel\/catalog\/camper-van-london\/#primaryimage\",\"url\":\"https:\/\/www.van2go.travel\/wp-content\/uploads\/2019\/07\/Etrusco-V5.9-DR-2.jpg\",\"contentUrl\":\"https:\/\/www.van2go.travel\/wp-content\/uploads\/2019\/07\/Etrusco-V5.9-DR-2.jpg\",\"width\":1090,\"height\":1140},{\"@type\":\"BreadcrumbList\",\"@id\":\"https:\/\/www.van2go.travel\/catalog\/camper-van-london\/#breadcrumb\",\"itemListElement\":[{\"@type\":\"ListItem\",\"position\":1,\"name\":\"Startseite\",\"item\":\"https:\/\/www.van2go.travel\/\"},{\"@type\":\"ListItem\",\"position\":2,\"name\":\"Catalog\",\"item\":\"https:\/\/www.van2go.travel\/catalog\/\"},{\"@type\":\"ListItem\",\"position\":3,\"name\":\"Camper Van London\"}]},{\"@type\":\"WebSite\",\"@id\":\"https:\/\/www.van2go.travel\/#website\",\"url\":\"https:\/\/www.van2go.travel\/\",\"name\":\"Van2Go - Das Microcamping Center in Singen am Bodensee\",\"description\":\"Autorisierter H\u00e4ndler des Travelers von squiq, der Nestbox von Ego\u00e9, qeedo Dachzelten, E-Bikes von VanMoof und der Aufbaubatterie Saftkiste. Wir haben die L\u00f6sung, um dein Auto in einen Camper zu verwandeln.\",\"publisher\":{\"@id\":\"https:\/\/www.van2go.travel\/#organization\"},\"potentialAction\":[{\"@type\":\"SearchAction\",\"target\":{\"@type\":\"EntryPoint\",\"urlTemplate\":\"https:\/\/www.van2go.travel\/?s={search_term_string}\"},\"query-input\":{\"@type\":\"PropertyValueSpecification\",\"valueRequired\":true,\"valueName\":\"search_term_string\"}}],\"inLanguage\":\"pl-PL\"},{\"@type\":\"Organization\",\"@id\":\"https:\/\/www.van2go.travel\/#organization\",\"name\":\"Van2Go\",\"url\":\"https:\/\/www.van2go.travel\/\",\"logo\":{\"@type\":\"ImageObject\",\"inLanguage\":\"pl-PL\",\"@id\":\"https:\/\/www.van2go.travel\/#\/schema\/logo\/image\/\",\"url\":\"https:\/\/www.van2go.travel\/wp-content\/uploads\/2021\/12\/Van2Go-Original-Logo_Schrift-rechts-gross.png\",\"contentUrl\":\"https:\/\/www.van2go.travel\/wp-content\/uploads\/2021\/12\/Van2Go-Original-Logo_Schrift-rechts-gross.png\",\"width\":2825,\"height\":1008,\"caption\":\"Van2Go\"},\"image\":{\"@id\":\"https:\/\/www.van2go.travel\/#\/schema\/logo\/image\/\"},\"sameAs\":[\"https:\/\/www.facebook.com\/van2go.travel\"]}]}<\/script>\n<!-- \/ Yoast SEO plugin. -->","yoast_head_json":{"title":"Camper Van London - Mieten in Singen am Bodensee","description":"Der Camper Van London ist der ideale Begleiter f\u00fcr eine St\u00e4dtereise. Miete dieses Wohnmobil in Singen am Bodensee.","robots":{"index":"index","follow":"follow","max-snippet":"max-snippet:-1","max-image-preview":"max-image-preview:large","max-video-preview":"max-video-preview:-1"},"canonical":"https:\/\/www.van2go.travel\/pl\/catalog\/camper-van-london\/","og_locale":"pl_PL","og_type":"article","og_title":"Camper Van London - Mieten in Singen am Bodensee","og_description":"Der Camper Van London ist der ideale Begleiter f\u00fcr eine St\u00e4dtereise. Miete dieses Wohnmobil in Singen am Bodensee.","og_url":"https:\/\/www.van2go.travel\/pl\/catalog\/camper-van-london\/","og_site_name":"Van2Go - Das Microcamping Center in Singen am Bodensee","article_publisher":"https:\/\/www.facebook.com\/van2go.travel","article_modified_time":"2024-09-27T17:57:54+00:00","og_image":[{"width":1090,"height":1140,"url":"https:\/\/www.van2go.travel\/wp-content\/uploads\/2019\/07\/Etrusco-V5.9-DR-2.jpg","type":"image\/jpeg"}],"twitter_card":"summary_large_image","twitter_misc":{"Szacowany czas czytania":"2 minuty"},"schema":{"@context":"https:\/\/schema.org","@graph":[{"@type":"WebPage","@id":"https:\/\/www.van2go.travel\/catalog\/camper-van-london\/","url":"https:\/\/www.van2go.travel\/catalog\/camper-van-london\/","name":"Camper Van London - Mieten in Singen am Bodensee","isPartOf":{"@id":"https:\/\/www.van2go.travel\/#website"},"primaryImageOfPage":{"@id":"https:\/\/www.van2go.travel\/catalog\/camper-van-london\/#primaryimage"},"image":{"@id":"https:\/\/www.van2go.travel\/catalog\/camper-van-london\/#primaryimage"},"thumbnailUrl":"https:\/\/www.van2go.travel\/wp-content\/uploads\/2019\/07\/Etrusco-V5.9-DR-2.jpg","datePublished":"2019-07-09T11:08:11+00:00","dateModified":"2024-09-27T17:57:54+00:00","description":"Der Camper Van London ist der ideale Begleiter f\u00fcr eine St\u00e4dtereise. Miete dieses Wohnmobil in Singen am Bodensee.","breadcrumb":{"@id":"https:\/\/www.van2go.travel\/catalog\/camper-van-london\/#breadcrumb"},"inLanguage":"pl-PL","potentialAction":[{"@type":"ReadAction","target":["https:\/\/www.van2go.travel\/catalog\/camper-van-london\/"]}]},{"@type":"ImageObject","inLanguage":"pl-PL","@id":"https:\/\/www.van2go.travel\/catalog\/camper-van-london\/#primaryimage","url":"https:\/\/www.van2go.travel\/wp-content\/uploads\/2019\/07\/Etrusco-V5.9-DR-2.jpg","contentUrl":"https:\/\/www.van2go.travel\/wp-content\/uploads\/2019\/07\/Etrusco-V5.9-DR-2.jpg","width":1090,"height":1140},{"@type":"BreadcrumbList","@id":"https:\/\/www.van2go.travel\/catalog\/camper-van-london\/#breadcrumb","itemListElement":[{"@type":"ListItem","position":1,"name":"Startseite","item":"https:\/\/www.van2go.travel\/"},{"@type":"ListItem","position":2,"name":"Catalog","item":"https:\/\/www.van2go.travel\/catalog\/"},{"@type":"ListItem","position":3,"name":"Camper Van London"}]},{"@type":"WebSite","@id":"https:\/\/www.van2go.travel\/#website","url":"https:\/\/www.van2go.travel\/","name":"Van2Go - Das Microcamping Center in Singen am Bodensee","description":"Autorisierter H\u00e4ndler des Travelers von squiq, der Nestbox von Ego\u00e9, qeedo Dachzelten, E-Bikes von VanMoof und der Aufbaubatterie Saftkiste. Wir haben die L\u00f6sung, um dein Auto in einen Camper zu verwandeln.","publisher":{"@id":"https:\/\/www.van2go.travel\/#organization"},"potentialAction":[{"@type":"SearchAction","target":{"@type":"EntryPoint","urlTemplate":"https:\/\/www.van2go.travel\/?s={search_term_string}"},"query-input":{"@type":"PropertyValueSpecification","valueRequired":true,"valueName":"search_term_string"}}],"inLanguage":"pl-PL"},{"@type":"Organization","@id":"https:\/\/www.van2go.travel\/#organization","name":"Van2Go","url":"https:\/\/www.van2go.travel\/","logo":{"@type":"ImageObject","inLanguage":"pl-PL","@id":"https:\/\/www.van2go.travel\/#\/schema\/logo\/image\/","url":"https:\/\/www.van2go.travel\/wp-content\/uploads\/2021\/12\/Van2Go-Original-Logo_Schrift-rechts-gross.png","contentUrl":"https:\/\/www.van2go.travel\/wp-content\/uploads\/2021\/12\/Van2Go-Original-Logo_Schrift-rechts-gross.png","width":2825,"height":1008,"caption":"Van2Go"},"image":{"@id":"https:\/\/www.van2go.travel\/#\/schema\/logo\/image\/"},"sameAs":["https:\/\/www.facebook.com\/van2go.travel"]}]}},"_links":{"self":[{"href":"https:\/\/www.van2go.travel\/pl\/wp-json\/wp\/v2\/catalog\/253","targetHints":{"allow":["GET"]}}],"collection":[{"href":"https:\/\/www.van2go.travel\/pl\/wp-json\/wp\/v2\/catalog"}],"about":[{"href":"https:\/\/www.van2go.travel\/pl\/wp-json\/wp\/v2\/types\/catalog"}],"author":[{"embeddable":true,"href":"https:\/\/www.van2go.travel\/pl\/wp-json\/wp\/v2\/users\/1"}],"version-history":[{"count":11,"href":"https:\/\/www.van2go.travel\/pl\/wp-json\/wp\/v2\/catalog\/253\/revisions"}],"predecessor-version":[{"id":4921,"href":"https:\/\/www.van2go.travel\/pl\/wp-json\/wp\/v2\/catalog\/253\/revisions\/4921"}],"wp:featuredmedia":[{"embeddable":true,"href":"https:\/\/www.van2go.travel\/pl\/wp-json\/wp\/v2\/media\/3404"}],"wp:attachment":[{"href":"https:\/\/www.van2go.travel\/pl\/wp-json\/wp\/v2\/media?parent=253"}],"curies":[{"name":"wp","href":"https:\/\/api.w.org\/{rel}","templated":true}]}}